{"id":4778,"date":"2025-05-29T12:48:20","date_gmt":"2025-05-29T09:48:20","guid":{"rendered":"https:\/\/www.lauluvaljak.ee\/events\/etnofest\/"},"modified":"2025-05-29T12:48:20","modified_gmt":"2025-05-29T09:48:20","slug":"etnofest","status":"publish","type":"events","link":"https:\/\/www.lauluvaljak.ee\/en\/events\/etnofest\/","title":{"rendered":"Etnofest"},"content":{"rendered":"<div class=\"shadowblock\">\n<div class=\"ml-col-40 sm-show\">\n<div class=\"eventinfo\">\n<h4 class=\"eventinfo__title text--bold\">Kuup\u00e4ev<\/h4>\n<p class=\"eventinfo__paragraph\">09.06.2012<\/p>\n<div class=\"spacing-20\"><\/div>\n<\/p><\/div>\n<\/p><\/div>\n<div class=\"spacing-20 sm-show\"><\/div>\n<\/p>\n<p>9.juunil toimub Tallinna Lauluv\u00e4ljakul etniline folkfestival <strong>Etnofest<\/strong>.<\/p>\n<p><img loading=\"lazy\" decoding=\"async\" class=\"aligncenter size-medium wp-image-3257\" title=\"zetod.ee, Ilona Sula\" src=\"https:\/\/www.lauluvaljak.ee\/wp-content\/uploads\/2012\/03\/Screen-shot-2012-03-29-at-11.11.44-AM-300x169.png\" alt=\"zetod.ee , Ilona Sula\" width=\"300\" height=\"169\"><\/p>\n<p>Esimest korda Tallinnas <strong>suur etnilise folkloori festival<\/strong>, kus esinevad erinevad folkloorikollektiivid, indie-roki grupid, folk rock ansamblid, k\u00fclalised <strong>Venemaalt, Udmurtiast ja L\u00e4tist<\/strong>.<\/p>\n<p>K\u00fclalistele pakuvad toiduelamusi <strong>erinevad rahvusk\u00f6\u00f6gid<\/strong>. Lapsi r\u00f5\u00f5mustab <strong>T\u0161ehhi L\u00f5bustuspark<\/strong> erinevate\u00a0atraktsioonidega.<\/p>\n<div id='gallery-1' class='gallery galleryid-4778 gallery-columns-2 gallery-size-thumbnail'><figure class='gallery-item'>\n\t\t\t<div class='gallery-icon landscape'>\n\t\t\t\t<a href='https:\/\/www.lauluvaljak.ee\/wp-content\/uploads\/2025\/08\/DSC00526.jpg'><img loading=\"lazy\" decoding=\"async\" width=\"400\" height=\"280\" src=\"https:\/\/www.lauluvaljak.ee\/wp-content\/uploads\/2025\/08\/DSC00526-400x280.jpg\" class=\"attachment-thumbnail size-thumbnail\" alt=\"\" \/><\/a>\n\t\t\t<\/div><\/figure><figure class='gallery-item'>\n\t\t\t<div class='gallery-icon landscape'>\n\t\t\t\t<a href='https:\/\/www.lauluvaljak.ee\/wp-content\/uploads\/2025\/08\/DSC01015.jpg'><img loading=\"lazy\" decoding=\"async\" width=\"400\" height=\"280\" src=\"https:\/\/www.lauluvaljak.ee\/wp-content\/uploads\/2025\/08\/DSC01015-400x280.jpg\" class=\"attachment-thumbnail size-thumbnail\" alt=\"\" \/><\/a>\n\t\t\t<\/div><\/figure>\n\t\t<\/div>\n\n<p><strong>\u00a0<\/strong><\/p>\n<p><strong>Ajakava:<\/strong><\/p>\n<ul>\n<li><strong>12.30 &#8211; TARAI \u00a0ja PALAN<\/strong>\n<ul>\n<li>T\u0161uva\u0161i muusika \u2013ja lauluansamblid<\/li>\n<\/ul>\n<\/li>\n<li><strong>13.00 &#8211; SJATKO<\/strong>\n<ul>\n<li>Eesti Mordva Kultuuriseltsi ansambel<\/li>\n<\/ul>\n<\/li>\n<li><strong>13.30 &#8211; \u017dURBA<\/strong>\n<ul>\n<li>Ukraina ansambel<\/li>\n<\/ul>\n<\/li>\n<li><strong>14.00 &#8211; SIIDIS\u00d5SAR\u00d5<\/strong>\n<ul>\n<li>Setu lauluansambel<\/li>\n<\/ul>\n<\/li>\n<li><strong>14.30 &#8211; LAIKONIK<\/strong>\n<ul>\n<li>Eestimaa Poolakate Seltsi\u00a0ansambel<\/li>\n<\/ul>\n<\/li>\n<li><strong>15.00 &#8211; TEREK<\/strong>\n<ul>\n<li>Kabardiini-balkaari\u00a0tantsuansambel<\/li>\n<\/ul>\n<\/li>\n<li><strong>15.30 &#8211; Vene traditsioonilise kost\u00fc\u00fcmi demonstratsioon<\/strong><\/li>\n<li><strong>16.00 &#8211;\u00a0 ZETOD<\/strong>\n<ul>\n<li>Setu etnob\u00e4nd<\/li>\n<\/ul>\n<\/li>\n<li><strong>17.30 &#8211; HABIBIK<\/strong>\n<ul>\n<li>Mustlastantsu studio<\/li>\n<\/ul>\n<\/li>\n<li><strong>18.00 &#8211; ZHARDON<\/strong>\n<ul>\n<li>K\u00fclalised Udmurtiast\u00a0ansambel<\/li>\n<\/ul>\n<\/li>\n<li><strong>18.30 \u2013 \u017dURAVU\u0160KI ja KUMU\u0160KI<\/strong>\n<ul>\n<li>Ukraina rahvakoor ja trio<\/li>\n<\/ul>\n<\/li>\n<li><strong>19.00 &#8211; VASTOMA<\/strong>\n<ul>\n<li>Mordva laulu ansambel<\/li>\n<\/ul>\n<\/li>\n<li><strong>19.30 &#8211;\u00a0 MAHABBAT DANCE SHOW<\/strong>\n<ul>\n<li>Tantsuansambel<\/li>\n<\/ul>\n<\/li>\n<li><strong>20.30 &#8211; SILENT WOO GOORE<\/strong>\n<ul>\n<li>K\u00fclalised Udmurtiast<\/li>\n<\/ul>\n<\/li>\n<\/ul>\n<p>\n<strong>Lisainfo:<\/strong><\/p>\n<ul>\n<li><strong>V\u00e4ravad avatakse: <\/strong>11.00<\/li>\n<li><strong>Kontserdi algus: <\/strong>12.00<\/li>\n<li><strong>Kontserdi l\u00f5pp: <\/strong>22.00<\/li>\n<li><strong>Sissep\u00e4\u00e4s: <\/strong>Oru, M\u00e4e ja Mere v\u00e4ravad<\/li>\n<li><strong>Parkimine: <\/strong>M\u00e4e ja Mere parkla, hind <strong>3.20\u20ac<\/strong><\/li>\n<li><strong>Piletikassa: <\/strong>Oru v\u00e4rav<\/li>\n<li><strong>Piletid: <\/strong>\n<ul>\n<li><strong>T\u00e4ispilet:<\/strong> 5\u20ac<\/li>\n<li><strong> Sooduspilet:<\/strong> 4\u20ac (\u00f5pilane, \u00fcli\u00f5pilane, pension\u00e4r, puudega inimene)<\/li>\n<li><strong> Perepilet:<\/strong> 9\u20ac (2 t\u00e4iskasvanut ja 2 last)<\/li>\n<li><strong>Lapsepilet:<\/strong> 3\u20ac (alates 5.eluaastat)<\/li>\n<li>Lapsed kuni 4 eluaastat k.a. saavad festivalile tasuta<\/li>\n<\/ul>\n<\/li>\n<li><strong>SOODUSKAMPAANIA:<\/strong> Aprilli l\u00f5puni k\u00f5ik piletid allahindlusega -15%<\/li>\n<li><strong>Korraldaja: <\/strong>Etnolaat MT\u00dc<\/li>\n<\/ul><\/div>\n","protected":false},"excerpt":{"rendered":"<p>Kuup\u00e4ev 09.06.2012 9.juunil toimub Tallinna Lauluv\u00e4ljakul etniline folkfestival Etnofest. Esimest korda Tallinnas suur etnilise folkloori festival, kus esinevad erinevad folkloorikollektiivid,&#8230;<\/p>\n","protected":false},"featured_media":0,"template":"","event_cat":[],"class_list":["post-4778","events","type-events","status-publish","hentry"],"acf":[],"_links":{"self":[{"href":"https:\/\/www.lauluvaljak.ee\/en\/wp-json\/wp\/v2\/events\/4778","targetHints":{"allow":["GET"]}}],"collection":[{"href":"https:\/\/www.lauluvaljak.ee\/en\/wp-json\/wp\/v2\/events"}],"about":[{"href":"https:\/\/www.lauluvaljak.ee\/en\/wp-json\/wp\/v2\/types\/events"}],"version-history":[{"count":0,"href":"https:\/\/www.lauluvaljak.ee\/en\/wp-json\/wp\/v2\/events\/4778\/revisions"}],"wp:attachment":[{"href":"https:\/\/www.lauluvaljak.ee\/en\/wp-json\/wp\/v2\/media?parent=4778"}],"wp:term":[{"taxonomy":"event_cat","embeddable":true,"href":"https:\/\/www.lauluvaljak.ee\/en\/wp-json\/wp\/v2\/event_cat?post=4778"}],"curies":[{"name":"wp","href":"https:\/\/api.w.org\/{rel}","templated":true}]}}