{"id":4705,"date":"2025-05-29T12:54:44","date_gmt":"2025-05-29T09:54:44","guid":{"rendered":"https:\/\/www.lauluvaljak.ee\/events\/rock-summer-25\/"},"modified":"2025-05-29T12:54:44","modified_gmt":"2025-05-29T09:54:44","slug":"rock-summer-25","status":"publish","type":"events","link":"https:\/\/www.lauluvaljak.ee\/en\/events\/rock-summer-25\/","title":{"rendered":"Rock Summer 25"},"content":{"rendered":"<div class=\"shadowblock shadowblock-sm-expand\">\n<div class=\"aspect-68\"><\/div>\n<\/div>\n<div class=\"shadowblock\">\n<div class=\"ml-col-40 sm-show\">\n<div class=\"eventinfo\">\n<h4 class=\"eventinfo__title text--bold\">Kuup\u00e4ev<\/h4>\n<p class=\"eventinfo__paragraph\">15.06.2013 &#8211; 16.06.2013<\/p>\n<div class=\"spacing-20\"><\/div>\n<\/div>\n<\/div>\n<div class=\"spacing-20 sm-show\"><\/div>\n<p>15. &#8211; 16.juunil toimub Tallinna Lauluv\u00e4ljakul legendaarne <strong>Rock Summer<\/strong>!<\/p>\n<p>T\u00e4navu m\u00f6\u00f6dub 25 aastat esimesest Rock Summerist \u2013 festivalist, mis esmakordselt t\u00f5i esinema v\u00e4lismaa rockartistid ja 40 aasta j\u00e4rel t\u00f5mbas lauluv\u00e4ljaku raadiotorni lehvima sini-must-valge lipu.<\/p>\n<p>Endised korraldajad on v\u00f5tnud n\u00f5uks meenutada aastatel 1988\u20131997 Tallinna Lauluv\u00e4ljakul toimunud pidu 2-p\u00e4evase festivaliga.<\/p>\n<p><b>Ajakava<\/b><\/p>\n<p><strong>15.06.2013<\/strong><\/p>\n<p><strong>Main Stage \/ Pealava<\/strong><br \/>\n16.00 &#8211; Toomas Vanem &amp; The Limited Edition<br \/>\n18.00 &#8211; Sharon Corr<br \/>\n20.00 &#8211; Mumiy Troll<br \/>\n22.00 &#8211; Vaiko Eplik &amp; Eliit<br \/>\n00.00 &#8211; Bryan Adams<\/p>\n<p><strong>Rock Stage \/ Rockilava<\/strong><br \/>\n13.00 &#8211; Dramamama<br \/>\n15.00 &#8211; Elephants From Neptune<br \/>\n17.00 &#8211; Black Rocks<br \/>\n19.00 &#8211; Marya Roxx<br \/>\n21.00 &#8211; Skindred<br \/>\n23.00 &#8211; Metsat\u00f6ll<\/p>\n<p><strong>Roheline lava\/ EDM<\/strong><br \/>\n13.00 &#8211; Puzle<br \/>\n14.00 &#8211; Taavi Peterson &amp; \u00dcdi<br \/>\n16.00 &#8211; The Watch<br \/>\n17.00 &#8211; Sinine<br \/>\n18.00 &#8211; Stamine MC<br \/>\n18.00 &#8211; Kristjan Hirmo<br \/>\n19.00 &#8211; MHKL &amp; K Sein<br \/>\n20.00 &#8211; S.I.N<br \/>\n22.00 &#8211; Caspa<br \/>\n23.00 &#8211; London Elektricity<br \/>\n00.00 &#8211; Ed Rush<\/p>\n<p><strong>16.06.2013<\/strong><\/p>\n<p><strong>Main Stage \/ Pealava<\/strong><br \/>\n14.00 &#8211; Pantokraator<br \/>\n16.00 &#8211; Ivo Linna &amp; In Spe<br \/>\n18.00 &#8211; Oli Brown<br \/>\n20.00 &#8211; Skid Row<br \/>\n22.00 &#8211; Zucchero<\/p>\n<p><strong>Rock Stage \/ Rockilava<\/strong><br \/>\n13.00 &#8211; East Trading Wang<br \/>\n15.00 &#8211; Oust!<br \/>\n17.00 &#8211; Winny Puhh<br \/>\n19.00 &#8211; Walking Papers<br \/>\n21.00 &#8211; P.I.L<\/p>\n<p><strong>Roheline lava \/ EDM<\/strong><br \/>\n13.00 &#8211; Sakari Kuosmanen<br \/>\n15.00 &#8211; Talbot<br \/>\n17.00 &#8211; Shotman &amp; Firejose<br \/>\n18.00 &#8211; Sander M\u00f6lder<br \/>\n19.00 &#8211; Gilles Peterson &amp; MC Earl Zinger<br \/>\n20.00 &#8211; R\u00f6yksopp DJ-set<br \/>\n21.00 &#8211; Rudimnetal DJ-set<br \/>\n22.00 &#8211; Andy C<\/p>\n<ul>\n<li>Kodulehek\u00fclg: <a href=\"http:\/\/www.rocksummer.ee\" target=\"_blank\" rel=\"noopener\">www.rocksummer.ee<\/a><\/li>\n<li>Rock Summer 25 Facebookis<\/li>\n<\/ul>\n<p><strong>Piletiinfo:<\/strong><\/p>\n<p><b>1-p\u00e4eva pilet maksab:<\/b><\/p>\n<p style=\"padding-left: 30px;\">S\u00f5ltumata festivalip\u00e4evast, s.t olgu laup\u00e4evaks v\u00f5i p\u00fchap\u00e4evaks.<\/p>\n<ul>\n<li><b>50 \u20ac (k<\/b><b>uni festivali alguseni)<\/b><\/li>\n<li><b>60 \u20ac (alates 15. juunist)<\/b><\/li>\n<\/ul>\n<p><strong>Festivalipass ehk 2-p\u00e4eva pilet maksab:<\/strong><\/p>\n<ul>\n<li><b>70 \u20ac (kuni festivali alguseni)<\/b><\/li>\n<li><b>90 \u20ac (alates 15. juunist)<\/b><\/li>\n<\/ul>\n<p>Kuni 9-aastased lapsed (k.a) saavad festivalile tasuta. Kaasa tuleb v\u00f5tta pildiga isikut t\u00f5endav dokument.<\/p>\n<p><img loading=\"lazy\" decoding=\"async\" class=\"alignright size-full wp-image-7668\" src=\"https:\/\/prelive.lauluvaljak.ee\/sites\/default\/files\/images\/lv-rocksummer-alakaart-veebi.jpg\" alt=\"lv rocksummer alakaart veebi\" width=\"579\" height=\"411\" \/><\/p>\n<\/div>\n","protected":false},"excerpt":{"rendered":"<p>Kuup\u00e4ev 15.06.2013 &#8211; 16.06.2013 15. &#8211; 16.juunil toimub Tallinna Lauluv\u00e4ljakul legendaarne Rock Summer! T\u00e4navu m\u00f6\u00f6dub 25 aastat esimesest Rock Summerist&#8230;<\/p>\n","protected":false},"featured_media":0,"template":"","event_cat":[],"class_list":["post-4705","events","type-events","status-publish","hentry"],"acf":[],"_links":{"self":[{"href":"https:\/\/www.lauluvaljak.ee\/en\/wp-json\/wp\/v2\/events\/4705","targetHints":{"allow":["GET"]}}],"collection":[{"href":"https:\/\/www.lauluvaljak.ee\/en\/wp-json\/wp\/v2\/events"}],"about":[{"href":"https:\/\/www.lauluvaljak.ee\/en\/wp-json\/wp\/v2\/types\/events"}],"version-history":[{"count":0,"href":"https:\/\/www.lauluvaljak.ee\/en\/wp-json\/wp\/v2\/events\/4705\/revisions"}],"wp:attachment":[{"href":"https:\/\/www.lauluvaljak.ee\/en\/wp-json\/wp\/v2\/media?parent=4705"}],"wp:term":[{"taxonomy":"event_cat","embeddable":true,"href":"https:\/\/www.lauluvaljak.ee\/en\/wp-json\/wp\/v2\/event_cat?post=4705"}],"curies":[{"name":"wp","href":"https:\/\/api.w.org\/{rel}","templated":true}]}}