{"id":4587,"date":"2025-05-29T12:55:40","date_gmt":"2025-05-29T09:55:40","guid":{"rendered":"https:\/\/www.lauluvaljak.ee\/events\/prodigy-%c3%b5llesummer-2016\/"},"modified":"2025-05-29T12:55:40","modified_gmt":"2025-05-29T09:55:40","slug":"prodigy-%c3%b5llesummer-2016","status":"publish","type":"events","link":"https:\/\/www.lauluvaljak.ee\/en\/events\/prodigy-%c3%b5llesummer-2016\/","title":{"rendered":"The Prodigy &#8211; \u00d5llesummer 2016"},"content":{"rendered":"<div class=\"shadowblock\">\n<div class=\"ml-col-40 sm-show\">\n<div class=\"eventinfo\">\n<h4 class=\"eventinfo__title text--bold\">Kuup\u00e4ev<\/h4>\n<p class=\"eventinfo__paragraph\">06.07.2016<\/p>\n<div class=\"spacing-20\"><\/div>\n<\/p><\/div>\n<\/p><\/div>\n<div class=\"spacing-20 sm-show\"><\/div>\n<\/p>\n<p>6.juulil algava\u00a0\u00d5llesummer Festivali avap\u00e4eva peaesineja on elektroonilise tantsumuusika tippb\u00e4nd The Prodigy.<\/p>\n<p>Maailmas nimekatel festivalidel ringi tuuritav The Prodigy esineb Eestis t\u00e4iskoosseisus: laval on nii Keith Flint, Maxim Reality kui ka Liam Howlett.<\/p>\n<p><iframe loading=\"lazy\" src=\"https:\/\/www.youtube.com\/embed\/ummSd-U1il8?rel=0&amp;controls=0&amp;showinfo=0\" width=\"560\" height=\"315\" frameborder=\"0\" allowfullscreen=\"allowfullscreen\"><\/iframe><\/p>\n<p>\nThe Prodigy paneb p\u00fcsti v\u00f5imsa ja provokatiivse lavaetenduse, mille poolest nad tuntud on. Lisaks viimase plaadi lugudele tulevad esitlusele nende k\u00f5ige kuulsamad lood \u201cFirestarter\u201d ja \u201cSmack My Bitch Up\u201d.<br \/>\nReivikultuuri ristiisadeks nimetatud ansambel \u00fcllitas 2015. aasta m\u00e4rtsis oma kuuenda stuudioalbumi \u201cThe Day is My Enemy\u201d, mille kohta The Billboard Magazine on \u00f6elnud, et plaat vastandub t\u00e4nap\u00e4evasele karamellikastmes elektroonilisele tantsumuusikale, mis on kujunenud hoopis v\u00e4hem rajuks skeeneks, kui oli tantsumuusikamaastik underground reivi-skeene aegadel, kus on Prodigy juured.<\/p>\n<p>\u00d5llesummer Festivali esindaja Tarmo Tuvike on v\u00e4ga rahul, et l\u00f5puks on v\u00f5imalik The Prodigy Eestisse tuua: \u201cOleme b\u00e4ndiga kolmel erineval aastal l\u00e4bi r\u00e4\u00e4kinud, aga kuup\u00e4evad pole klappinud. Seekord \u00f5nnestus!\u201d<\/p>\n<p><strong>Lisainfo:<\/strong><\/p>\n<ul>\n<li><strong>V\u00e4ravad avatakse:<\/strong>\u00a017.00<\/li>\n<li><strong>\u00dcrituse l\u00f5pp:<\/strong>\u00a001.00<\/li>\n<li><strong>V\u00e4ravad:<\/strong>\u00a0Mere v\u00e4rav, Oru v\u00e4rav<\/li>\n<li><strong>Piletid:<\/strong>\n<ul>\n<li><strong>1 p\u00e4eva pileti hind kuni 07.01.16 (k.a)<\/strong>\n<ul>\n<li>Tavapilet\u00a0<strong>12 \u20ac<\/strong><\/li>\n<li>Lapsele 6-11 a (k.a) ja pension\u00e4rile\u00a0<strong>9 \u20ac<\/strong><\/li>\n<\/ul>\n<\/li>\n<li><strong>1 p\u00e4eva pileti hind alates 08.01.16<\/strong>\n<ul>\n<li>Tavapilet\u00a0<strong>15 \u20ac<\/strong><\/li>\n<li>Lapsele 6-11 a (k.a) ja pension\u00e4rile<strong>\u00a09 \u20ac<\/strong><\/li>\n<\/ul>\n<\/li>\n<li><strong>NB! P\u00c4EVAPILETID KEHTIVAD \u00dcHEL VABALT VALITUD P\u00c4EVAL 6.; 7.; 8. V\u00d5I 9. JUULIL<\/strong><\/li>\n<li>0-5 aastased lapsed (K.a) saavad festivalile tasuta<\/li>\n<li>Festvali passi hind kuni 07.01.16 (k.a) \u2013\u00a0<strong>29 \u20ac<\/strong><\/li>\n<li>Festvali passi hind alates 08.01.16 \u2013\u00a0<strong>35 \u20ac<\/strong><\/li>\n<\/ul>\n<\/li>\n<li>Alkoholi ostmisel kohustuslik esitada dokument<\/li>\n<li>Ligip\u00e4\u00e4s ratastooliga on olemas<\/li>\n<li><strong>Korraldaja:<\/strong>\u00a0Meediaekspress O\u00dc, <a href=\"http:\/\/www.ollesummer.ee\" target=\"_blank\" rel=\"noopener\">www.ollesummer.ee<\/a>,\u00a0<a href=\"mailto:tarmo@ollesummer.ee\">tarmo@ollesummer.ee<\/a><\/li>\n<li><a href=\"http:\/\/www.ollesummer.ee\" target=\"_blank\" rel=\"noopener\">www.ollesummer.ee<\/a><\/li>\n<li><strong>Facebook:<\/strong>\u00a0Summer ehk \u00d5llesummer<\/li>\n<li><strong>Instagram<\/strong>:\u00a0ollesummer<\/li>\n<li><strong>YouTube:<\/strong>\u00a0\u00d5llesummer\u00a0<\/li>\n<\/ul><\/div>\n","protected":false},"excerpt":{"rendered":"<p>Kuup\u00e4ev 06.07.2016 6.juulil algava\u00a0\u00d5llesummer Festivali avap\u00e4eva peaesineja on elektroonilise tantsumuusika tippb\u00e4nd The Prodigy. Maailmas nimekatel festivalidel ringi tuuritav The Prodigy&#8230;<\/p>\n","protected":false},"featured_media":0,"template":"","event_cat":[],"class_list":["post-4587","events","type-events","status-publish","hentry"],"acf":[],"_links":{"self":[{"href":"https:\/\/www.lauluvaljak.ee\/en\/wp-json\/wp\/v2\/events\/4587","targetHints":{"allow":["GET"]}}],"collection":[{"href":"https:\/\/www.lauluvaljak.ee\/en\/wp-json\/wp\/v2\/events"}],"about":[{"href":"https:\/\/www.lauluvaljak.ee\/en\/wp-json\/wp\/v2\/types\/events"}],"version-history":[{"count":0,"href":"https:\/\/www.lauluvaljak.ee\/en\/wp-json\/wp\/v2\/events\/4587\/revisions"}],"wp:attachment":[{"href":"https:\/\/www.lauluvaljak.ee\/en\/wp-json\/wp\/v2\/media?parent=4587"}],"wp:term":[{"taxonomy":"event_cat","embeddable":true,"href":"https:\/\/www.lauluvaljak.ee\/en\/wp-json\/wp\/v2\/event_cat?post=4587"}],"curies":[{"name":"wp","href":"https:\/\/api.w.org\/{rel}","templated":true}]}}