{"id":4571,"date":"2025-05-29T12:55:47","date_gmt":"2025-05-29T09:55:47","guid":{"rendered":"https:\/\/www.lauluvaljak.ee\/events\/lets-colour-2017-noored-v%c3%a4rvima-ehk-suur-v%c3%a4rvimise-p%c3%a4ev-tallinna-lauluv%c3%a4ljakul\/"},"modified":"2025-05-29T12:55:47","modified_gmt":"2025-05-29T09:55:47","slug":"lets-colour-2017-noored-v%c3%a4rvima-ehk-suur-v%c3%a4rvimise-p%c3%a4ev-tallinna-lauluv%c3%a4ljakul","status":"publish","type":"events","link":"https:\/\/www.lauluvaljak.ee\/en\/events\/lets-colour-2017-noored-v%c3%a4rvima-ehk-suur-v%c3%a4rvimise-p%c3%a4ev-tallinna-lauluv%c3%a4ljakul\/","title":{"rendered":"\u201eLet\u00b4s Colour!\u201c 2017 &#8211; Noored v\u00e4rvima ehk suur v\u00e4rvimise p\u00e4ev Tallinna Lauluv\u00e4ljakul"},"content":{"rendered":"<div class=\"shadowblock shadowblock-sm-expand\">\n<div class=\"aspect-68\">\n\t\t\t\t\t<span class=\"aspectcontent bg--align\" style=\"background: url(https:\/\/lauluvaljak.ee\/sites\/default\/files\/styles\/event\/public\/images\/SadolinLauluvaljakBnaMob640x340px.jpg?itok=X3TiWKLs)  no-repeat center center\"><\/span>\n\t\t\t\t<\/div>\n<\/p><\/div>\n<div class=\"shadowblock\">\n<div class=\"ml-col-40 sm-show\">\n<div class=\"eventinfo\">\n<h4 class=\"eventinfo__title text--bold\">Kuup\u00e4ev<\/h4>\n<p class=\"eventinfo__paragraph\">27.05.2017<\/p>\n<div class=\"spacing-20\"><\/div>\n<\/p><\/div>\n<\/p><\/div>\n<div class=\"spacing-20 sm-show\"><\/div>\n<\/p>\n<p>27. mail toimub Tallinna Lauluv\u00e4ljakul kogukondlik v\u00e4rvimise kampaania kogu perele.<\/p>\n<p>\u201eLet\u00b4s Colour!\u201c on \u00fchiskondlik ja kogukondlik projekt, mis toimub koost\u00f6\u00f6s SA Tallinna Lauluv\u00e4ljak, \u00a0laste ja noorte kultuuriaasta \u201cMina ka!\u201d ning Akzo Nobel Baltics AS-iga.<\/p>\n<p>\u201eLet\u00b4s Colour!\u201c projekt on ellu kutsutud rahvusvahelise ettev\u00f5tte AkzoNobel poolt eesm\u00e4rgiga \u00fchendada kogukondi ning muuta meie elukeskkond r\u00f5\u00f5msamaks ja elamisv\u00e4\u00e4rsemaks. Antud projekt on rahvusvaheline ning toimub erinevates riikides.<br \/>\nAkzo Nobel Baltics AS on Eesti kunstnike tunnustaja ning toetaja. Ettev\u00f5te annab alates 1996. aastast v\u00e4lja ka Sadolin kunstipreemiat. Antud projekti eesm\u00e4rgiks on tunnustada kunsti avaliku ruumi loomuliku osana.<\/p>\n<p>Tallinna Lauluv\u00e4ljak on olnud laulupidude kodu juba aastast 1928. Sel suvel toimub siin XII noorte laulu- ja tantsupidu, peatselt t\u00e4histab Tallinna Lauluv\u00e4ljak oma 90 s\u00fcnnip\u00e4eva ning laulupeo 150 aastap\u00e4eva.<br \/>\nTallinna Lauluv\u00e4ljak on Eesti Vabariigi tutvustamisel \u00fcks tuntumaid kultuuri- ja maam\u00e4rke. Samuti k\u00fclastab Lauluv\u00e4ljakut aastas ca 500,000 v\u00e4listuristi.<br \/>\nSoovime, et meie Lauluv\u00e4ljak oleks silmapaistev nii oma sisult kui ka v\u00e4limuselt.<br \/>\n2017 aasta on Eestis laste ja noorte kultuuriaasta, millel \u00fcldnimetus on \u201eMina ka!\u201c.<br \/>\nSoovime, et saaksime koos noorte kunstnike, rahvusvahelise v\u00e4rvifirma ja vabatahtlikega panustada teema aastasse ning anda saabuvaks noorte laulupeoks \u201eMina j\u00e4\u00e4n!\u201c Lauluv\u00e4ljakule v\u00e4rskema ning r\u00f5\u00f5msama ilme.<br \/>\nV\u00e4rviprojekti raames soovitakse anda v\u00e4rskema ilme Tallinna Lauluv\u00e4ljaku v\u00e4ravatele ehk teisis\u00f5nu kassamajadele. L\u00e4bi nende 3 v\u00e4rava sisenevad k\u00fclastajad \u00fche Eesti riigi tuntuima s\u00fcmboli \u2013 laulukaare \u2013 juurde.<\/p>\n<p>\u201eLet\u00b4s Colour!\u201c v\u00e4rvikampaania \u00f5nnestumisele aitavad kaasa noored kunstnikud juba sellega, et pakuvad ise v\u00e4lja, milline v\u00f5iks olla kavand ja v\u00e4rvitoonid, millega kassamajad v\u00e4rvitakse.<br \/>\nKonkursi ja selle tingimustega saab tutvuda siin.<\/p>\n<p><strong>\u201eLet\u00b4s Colour!\u201c elluviimise ehk v\u00e4rvimise p\u00e4evale ootame Lauluv\u00e4ljakule ligi 100 v\u00e4rvijat-maalijat, kelleks on noored kunstnikud ja vabatahtlikud.\u00a0<\/strong><br \/>\n<strong>V\u00e4rvimis\u00fcritust juhendavad professionaalid.<\/strong><\/p>\n<p><strong><em>Kontakt:<\/em><\/strong><strong><em>\u00a0<\/em><\/strong><strong><em><br \/>\n<\/em><\/strong>Kaja R\u00e4stas<br \/>\nLet`s Colour ideekonkursi projektijuht<br \/>\nTel 5553 0447<br \/>\nE-post\u00a0<a href=\"mailto:kaja.rastas@gmail.com\">kaja.rastas@gmail.com<\/a><\/p>\n<p><strong>Lisainfo:<\/strong><\/p>\n<ul>\n<li>Algus: 10.00<\/li>\n<li>L\u00f5pp: 15.00<\/li>\n<li>REGISTREERI END V\u00c4RVIMISELE SIIN!<\/li>\n<\/ul>\n<p>\n<strong>Toetajad:<br \/>\n<\/strong>Akzo Nobel Baltics AS, SA Tallinna Lauluv\u00e4ljak, laste ja noorte kultuuriaasta \u201cMina ka!\u201d, Premia Foods AS, P\u00f5ltsamaa Felix AS, Tere AS, Fere O\u00dc ja vabatahtlikud<\/p>\n<\/p><\/div>\n","protected":false},"excerpt":{"rendered":"<p>Kuup\u00e4ev 27.05.2017 27. mail toimub Tallinna Lauluv\u00e4ljakul kogukondlik v\u00e4rvimise kampaania kogu perele. \u201eLet\u00b4s Colour!\u201c on \u00fchiskondlik ja kogukondlik projekt, mis&#8230;<\/p>\n","protected":false},"featured_media":0,"template":"","event_cat":[],"class_list":["post-4571","events","type-events","status-publish","hentry"],"acf":[],"_links":{"self":[{"href":"https:\/\/www.lauluvaljak.ee\/en\/wp-json\/wp\/v2\/events\/4571","targetHints":{"allow":["GET"]}}],"collection":[{"href":"https:\/\/www.lauluvaljak.ee\/en\/wp-json\/wp\/v2\/events"}],"about":[{"href":"https:\/\/www.lauluvaljak.ee\/en\/wp-json\/wp\/v2\/types\/events"}],"version-history":[{"count":0,"href":"https:\/\/www.lauluvaljak.ee\/en\/wp-json\/wp\/v2\/events\/4571\/revisions"}],"wp:attachment":[{"href":"https:\/\/www.lauluvaljak.ee\/en\/wp-json\/wp\/v2\/media?parent=4571"}],"wp:term":[{"taxonomy":"event_cat","embeddable":true,"href":"https:\/\/www.lauluvaljak.ee\/en\/wp-json\/wp\/v2\/event_cat?post=4571"}],"curies":[{"name":"wp","href":"https:\/\/api.w.org\/{rel}","templated":true}]}}