{"id":4552,"date":"2025-05-29T12:55:52","date_gmt":"2025-05-29T09:55:52","guid":{"rendered":"https:\/\/www.lauluvaljak.ee\/events\/tallinna-lauluv%c3%a4ljakul-s%c3%bc%c3%bcdatakse-l%c3%b5kketuli\/"},"modified":"2025-05-29T12:55:52","modified_gmt":"2025-05-29T09:55:52","slug":"tallinna-lauluv%c3%a4ljakul-s%c3%bc%c3%bcdatakse-l%c3%b5kketuli","status":"publish","type":"events","link":"https:\/\/www.lauluvaljak.ee\/en\/events\/tallinna-lauluv%c3%a4ljakul-s%c3%bc%c3%bcdatakse-l%c3%b5kketuli\/","title":{"rendered":"Tallinna Lauluv\u00e4ljakul s\u00fc\u00fcdatakse l\u00f5kketuli"},"content":{"rendered":"<div class=\"shadowblock shadowblock-sm-expand\">\n<div class=\"aspect-68\">\n\t\t\t\t\t<span class=\"aspectcontent bg--align\" style=\"background: url(https:\/\/lauluvaljak.ee\/sites\/default\/files\/styles\/event\/public\/images\/98-1024x683.jpg?itok=2pLAYRTf)  no-repeat center center\"><\/span>\n\t\t\t\t<\/div>\n<\/p><\/div>\n<div class=\"shadowblock\">\n<div class=\"ml-col-40 sm-show\">\n<div class=\"eventinfo\">\n<h4 class=\"eventinfo__title text--bold\">Kuup\u00e4ev<\/h4>\n<p class=\"eventinfo__paragraph\">16.04.2017<\/p>\n<div class=\"spacing-20\"><\/div>\n<\/p><\/div>\n<\/p><\/div>\n<div class=\"spacing-20 sm-show\"><\/div>\n<\/p>\n<p><b>Tallinna Lauluv\u00e4ljak, eesti rahva laulupidude ja suur\u00fcrituste kodupaik, kutsub k\u00f5iki p\u00fchap\u00e4eva, 16. aprilli \u00f5htul kell 18.45 osa saama l\u00f5kketule s\u00fc\u00fctamisest.<\/b><\/p>\n<p>Aprilli keskpaigas m\u00f6\u00f6dub 100 aastat p\u00e4evast, mil eestlaste asualad said \u00fchendatud ning tekkis meie riigi kontuur. T\u00e4histame seda s\u00fcndmust 16. aprillil koos ja avame Eesti Vabariigi 100. s\u00fcnnip\u00e4eva pidustused.<\/p>\n<p>Tules\u00fc\u00fctamisega t\u00e4histab ka Tallinna Lauluv\u00e4ljak Eesti Vabariigi 100. s\u00fcnnip\u00e4eva \u00fcrituste algust ning annab teada ka saabuvatest t\u00e4hts\u00fcndmustest &#8211; sel suvel toimub XII noorte laulu- ja tantsupidu, 2018 saab Tallinna Lauluv\u00e4ljak 90, 2019 t\u00e4histavad Eesti laulupeod 150 aasta juubelit ja 2020 saab laulukaar 60-aastaseks.<\/p>\n<p>P\u00fchap\u00e4evasel l\u00f5kkes\u00fc\u00fctamisel osalevad kammerkoor Encore, dirigent Karin Kuulpak jt. Kavas on armastatud laulud nagu &#8220;Oh laula ja h\u00f5iska&#8221;, &#8220;Mesipuu&#8221; jm.<br \/>\nFiloloog ja folklorist <b>Marju K\u00f5ivupuu<\/b> r\u00e4\u00e4gib tuletegemise kommetest ja kultuurist linnaruumis. Samuti saab kuulata Lauluv\u00e4ljaku l\u00e4hiaastate t\u00e4helepanuv\u00e4\u00e4rivatest tegemistest, mille tulemusena saab Lauluv\u00e4ljak olema armastatud linnapark meie k\u00f5igi jaoks.<\/p>\n<p>Hea ilma korral saab k\u00fclastada Tuletorni, kust nautida vaadet Tallinnale, lahele ja Lauluv\u00e4ljakule.<\/p>\n<p>Oodatud on k\u00f5ik &#8211; kogukonnad, perekonnad, s\u00f5pruskonnad &#8211; et s\u00fc\u00fcdata l\u00f5kketuli Lauluv\u00e4ljakul heliskulptuur Cromatico juures.<\/p>\n<p>J\u00e4\u00e4dvusta sel \u00f5htul oma tules\u00e4de ja jaga pilti v\u00f5i videot Facebookis v\u00f5i Instagramis teemaviitega #ev100, #lauluv\u00e4ljak ja #minaj\u00e4\u00e4n.<\/p>\n<p>Valitud fotod j\u00f5uavad \u00f5htul teleekraanile, kui ETV toob vaatajateni XII noorte laulu- ja tantsupeo tervituse &#8220;Mina j\u00e4\u00e4n\u201d.<\/p>\n<p>Saagu Eestimaa sel p\u00e4eval meie s\u00fcdametuledes s\u00e4rama ja viigu iga tules\u00e4de oma s\u00f5num Tallinna Lauluv\u00e4ljakult V\u00f5ru laululavani!<\/p>\n<p>Elagu Eesti!<\/p>\n<p>\u201cMina j\u00e4\u00e4n\u201d!<\/p>\n<p>Saame kokku Lauluv\u00e4ljakul!<\/p>\n<p><strong>SISSP\u00c4\u00c4S TASUTA<\/strong><\/p>\n<\/p><\/div>\n","protected":false},"excerpt":{"rendered":"<p>Kuup\u00e4ev 16.04.2017 Tallinna Lauluv\u00e4ljak, eesti rahva laulupidude ja suur\u00fcrituste kodupaik, kutsub k\u00f5iki p\u00fchap\u00e4eva, 16. aprilli \u00f5htul kell 18.45 osa saama&#8230;<\/p>\n","protected":false},"featured_media":0,"template":"","event_cat":[],"class_list":["post-4552","events","type-events","status-publish","hentry"],"acf":[],"_links":{"self":[{"href":"https:\/\/www.lauluvaljak.ee\/en\/wp-json\/wp\/v2\/events\/4552","targetHints":{"allow":["GET"]}}],"collection":[{"href":"https:\/\/www.lauluvaljak.ee\/en\/wp-json\/wp\/v2\/events"}],"about":[{"href":"https:\/\/www.lauluvaljak.ee\/en\/wp-json\/wp\/v2\/types\/events"}],"version-history":[{"count":0,"href":"https:\/\/www.lauluvaljak.ee\/en\/wp-json\/wp\/v2\/events\/4552\/revisions"}],"wp:attachment":[{"href":"https:\/\/www.lauluvaljak.ee\/en\/wp-json\/wp\/v2\/media?parent=4552"}],"wp:term":[{"taxonomy":"event_cat","embeddable":true,"href":"https:\/\/www.lauluvaljak.ee\/en\/wp-json\/wp\/v2\/event_cat?post=4552"}],"curies":[{"name":"wp","href":"https:\/\/api.w.org\/{rel}","templated":true}]}}