{"id":4512,"date":"2025-05-29T12:58:07","date_gmt":"2025-05-29T09:58:07","guid":{"rendered":"https:\/\/www.lauluvaljak.ee\/events\/ivo-linna-juubelikontserdid-iff70\/"},"modified":"2025-05-29T12:58:07","modified_gmt":"2025-05-29T09:58:07","slug":"ivo-linna-juubelikontserdid-iff70","status":"publish","type":"events","link":"https:\/\/www.lauluvaljak.ee\/en\/events\/ivo-linna-juubelikontserdid-iff70\/","title":{"rendered":"Ivo Linna juubelikontserdid &#8211; IFF70"},"content":{"rendered":"<div class=\"shadowblock shadowblock-sm-expand\">\n<div class=\"aspect-68\">\n\t\t\t\t\t<span class=\"aspectcontent bg--align\" style=\"background: url(https:\/\/lauluvaljak.ee\/sites\/default\/files\/styles\/event\/public\/field\/image\/52486590_2074981739288715_8014155300682596352_o.jpg?itok=aSGUFz-Z)  no-repeat center center\"><\/span>\n\t\t\t\t<\/div>\n<\/p><\/div>\n<div class=\"shadowblock\">\n<div class=\"ml-col-40 sm-show\">\n<div class=\"eventinfo\">\n<h4 class=\"eventinfo__title text--bold\">Kuup\u00e4ev<\/h4>\n<p class=\"eventinfo__paragraph\">17.07.2019 &#8211; 17.07.2019<\/p>\n<div class=\"spacing-20\"><\/div>\n<\/p><\/div>\n<\/p><\/div>\n<div class=\"spacing-20 sm-show\"><\/div>\n<\/p>\n<p>Ivo Linna juubelikontsert &#8220;IFF70&#8221; toimub K 17.07 kell 20 Tallinna lauluv\u00e4ljakul. Laval Ivo Linna, Tanel Padar, Maarja-Liis Ilus, Robert Linna, Karl-Erik Taukar, Ott Lepland, Supernova ja Antti Kammiste. Osta soodsam pilet eelmisel p\u00e4eval Piletilevi eelm\u00fc\u00fcgist. Samal p\u00e4eval k\u00f5ik piletid 20.- eur (soodustusi ei ole). Kohapeal tasumine ainult sularahas!<\/p>\n<p>\u201eHead s\u00f5brad ja minu muusika austajad!<br \/>\nAsjalood on n\u00fc\u00fcd nii, et minu ellu on saabunud uus number &#8211; 70! Number ise ei ole minu jaoks absoluutselt oluline. Palju olulisemaks pean ma seda, kuidas s\u00fcnnip\u00e4eva t\u00e4histada. Lava on olnud minu teine kodu l\u00e4bi nende pikkade aastate ning seep\u00e4rast otsustasin s\u00fcnnip\u00e4eva t\u00e4histada kontsertidega, kuhu soovin kutsuda teid k\u00f5iki! Ilma teieta ei oleks ma see, kes olen ning olen selle eest teile siiralt t\u00e4nulik. Ootan teid enda juubelikontsertidele \u00fcle Eesti. Ait\u00e4h! Alati teie Iff.\u201c<\/p>\n<p>Ivo Linna kahetunnine kontsert on justkui hittide paraad, sekka ka m\u00f5ni uuem laul. Kes meist ei teaks tema aegumatuid laule \u201eJulge laul\u201c, \u201eKikilips\u201c, \u201eS\u00fclita vaid alla tuult\u201c, \u201eAita m\u00f6\u00f6da saata \u00f6\u00f6\u201c, \u201eEestlane olen ja eestlaseks j\u00e4\u00e4n\u201c, \u201eKaelakee h\u00e4\u00e4l\u201c, \u201eVana vaksal\u201c, \u201eLaula mu laulu helisev h\u00e4\u00e4l\u201c, \u201eSind surmani\u201c, \u201eSuur loterii\u201c ja paljud teised. Ivo Linna meeldib nii noortele kui vanadele. Ta on oma lihtsa ja tagasihoidliku suhtumisega paljude eestlaste lemmik ja eeskuju. Ta on olnud laval juba tervelt 52 aastat, mis on omamoodi rekord ja n\u00e4itab tema v\u00e4gevat sisu artistina.<\/p>\n<p>\nK\u00fclasta ka Ifi kodulehte &#8211; <a data-lynx-mode=\"hover\" data-lynx-uri=\"https:\/\/l.facebook.com\/l.php?u=http%3A%2F%2Fwww.iff70.ee%2F%3Ffbclid%3DIwAR0-nx6hrIhAug2BTg4RmgtLKYMq-1EZXZOoudo9sYz78Ux1EEthrpk_59U&amp;h=AT30WX0fMgMJ5iatP_DhRNGBCcBqFe-w5TPjSEmSU-ZjVtdKPIGoZ4Ay84vcolCngvOt_a5vcDCC01HoUDtO5r_VHX75l1sVzwx0U2ggMyuEoKsYRrFUqicMU_blUNSESXxGQLA\" href=\"http:\/\/www.iff70.ee\/?fbclid=IwAR0-nx6hrIhAug2BTg4RmgtLKYMq-1EZXZOoudo9sYz78Ux1EEthrpk_59U\" rel=\"nofollow noopener\" target=\"_blank\">www.iff70.ee<\/a><\/p>\n<\/p><\/div>\n","protected":false},"excerpt":{"rendered":"<p>Kuup\u00e4ev 17.07.2019 &#8211; 17.07.2019 Ivo Linna juubelikontsert &#8220;IFF70&#8221; toimub K 17.07 kell 20 Tallinna lauluv\u00e4ljakul. Laval Ivo Linna, Tanel Padar,&#8230;<\/p>\n","protected":false},"featured_media":1982,"template":"","event_cat":[],"class_list":["post-4512","events","type-events","status-publish","has-post-thumbnail","hentry"],"acf":[],"_links":{"self":[{"href":"https:\/\/www.lauluvaljak.ee\/en\/wp-json\/wp\/v2\/events\/4512","targetHints":{"allow":["GET"]}}],"collection":[{"href":"https:\/\/www.lauluvaljak.ee\/en\/wp-json\/wp\/v2\/events"}],"about":[{"href":"https:\/\/www.lauluvaljak.ee\/en\/wp-json\/wp\/v2\/types\/events"}],"version-history":[{"count":0,"href":"https:\/\/www.lauluvaljak.ee\/en\/wp-json\/wp\/v2\/events\/4512\/revisions"}],"wp:featuredmedia":[{"embeddable":true,"href":"https:\/\/www.lauluvaljak.ee\/en\/wp-json\/wp\/v2\/media\/1982"}],"wp:attachment":[{"href":"https:\/\/www.lauluvaljak.ee\/en\/wp-json\/wp\/v2\/media?parent=4512"}],"wp:term":[{"taxonomy":"event_cat","embeddable":true,"href":"https:\/\/www.lauluvaljak.ee\/en\/wp-json\/wp\/v2\/event_cat?post=4512"}],"curies":[{"name":"wp","href":"https:\/\/api.w.org\/{rel}","templated":true}]}}