{"id":4508,"date":"2025-05-29T12:58:08","date_gmt":"2025-05-29T09:58:08","guid":{"rendered":"https:\/\/www.lauluvaljak.ee\/events\/vene-%c5%a1ansoon-2019\/"},"modified":"2025-05-29T12:58:08","modified_gmt":"2025-05-29T09:58:08","slug":"vene-%c5%a1ansoon-2019","status":"publish","type":"events","link":"https:\/\/www.lauluvaljak.ee\/en\/events\/vene-%c5%a1ansoon-2019\/","title":{"rendered":"Vene \u0161ansoon 2019"},"content":{"rendered":"<div class=\"shadowblock shadowblock-sm-expand\">\n<div class=\"aspect-68\">\n\t\t\t\t\t<span class=\"aspectcontent bg--align\" style=\"background: url(https:\/\/lauluvaljak.ee\/sites\/default\/files\/styles\/event\/public\/field\/image\/piletilevi.jpg?itok=oIaReXFz)  no-repeat center center\"><\/span>\n\t\t\t\t<\/div>\n<\/p><\/div>\n<div class=\"shadowblock\">\n<div class=\"ml-col-40 sm-show\">\n<div class=\"eventinfo\">\n<h4 class=\"eventinfo__title text--bold\">Kuup\u00e4ev<\/h4>\n<p class=\"eventinfo__paragraph\">21.06.2019<\/p>\n<div class=\"spacing-10\"><\/div>\n<div class=\"spacing-15\"><\/div>\n<h4 class=\"eventinfo__title text--bold\">Korraldaja<\/h4>\n<p class=\"eventinfo__paragraph\">DK ENTERTAINMENT O\u00dc, daniil.kzntsv@gmail.com <\/p>\n<div class=\"spacing-20\"><\/div>\n<\/p><\/div>\n<\/p><\/div>\n<div class=\"spacing-20 sm-show\"><\/div>\n<\/p>\n<p><strong>Kallid s\u00f5brad, kutsume ja ootame teid 21. juunil 2019 Tallinna Lauluv\u00e4ljakule l\u00f5busalt ja hoogsalt suve tervitama!<\/strong><br \/>\n\u0160ansoon t\u00e4histab prantsuse keeles laulu \u2013 vene \u0161ansoon on aga \u00f5ige mitmek\u00fclgne, selles kajastuvad nii hulkurilaulud, linnaromanss, s\u00f5durilaulud kui ka vanglal\u00fc\u00fcrika. Vene \u0161ansoon on ammune n\u00e4htus, 1930ndatel aastatel eksisteeris see Venemaal p\u00f5randaaluselt, emigratsioon lisas aga vene \u0161ansoonile veel iselaadi hingestatuse ja igatsuse.<\/p>\n<p>Venemaalt armastusega \u2013 teile laulavad:<br \/>\n<strong>Ansambel &#8220;Rozdestvo&#8221;\u00a0<\/strong><br \/>\n<strong>Valeriy Kuras\u00a0<\/strong><br \/>\n<strong>Anatoli Polotno \/ Fedya Karmanov\u00a0<\/strong><\/p>\n<p>Samuti:<br \/>\n<strong>Erich Krieger\u00a0<\/strong><br \/>\n<strong>Sergei Sumin ja Ilona Kaldre\u00a0<\/strong><br \/>\n<strong>Jevgeni Kunevitch\u00a0<\/strong><br \/>\n<strong>Sergei Maasin<\/strong><br \/>\n<strong>Aleksandr Kirss\u00a0<\/strong><br \/>\n<strong>Slava Isetskiy\u00a0<\/strong><br \/>\n<strong>Natasha Galich<\/strong><br \/>\n\u00a0<\/p>\n<p>Tulge, maitseme erinevate rahvusrestoranide poolt pakutavat, kuulame koos erinevate rahvuskollektiivide esinemist ja l\u00f5petame \u00f5htu meloodilise vene \u0161ansooni saatel. Veedame p\u00e4eva l\u00f5busalt, maitsvalt ja lennukalt!<\/p>\n<\/p><\/div>\n","protected":false},"excerpt":{"rendered":"<p>Kuup\u00e4ev 21.06.2019 Korraldaja DK ENTERTAINMENT O\u00dc, daniil.kzntsv@gmail.com Kallid s\u00f5brad, kutsume ja ootame teid 21. juunil 2019 Tallinna Lauluv\u00e4ljakule l\u00f5busalt ja&#8230;<\/p>\n","protected":false},"featured_media":1996,"template":"","event_cat":[],"class_list":["post-4508","events","type-events","status-publish","has-post-thumbnail","hentry"],"acf":[],"_links":{"self":[{"href":"https:\/\/www.lauluvaljak.ee\/en\/wp-json\/wp\/v2\/events\/4508","targetHints":{"allow":["GET"]}}],"collection":[{"href":"https:\/\/www.lauluvaljak.ee\/en\/wp-json\/wp\/v2\/events"}],"about":[{"href":"https:\/\/www.lauluvaljak.ee\/en\/wp-json\/wp\/v2\/types\/events"}],"version-history":[{"count":0,"href":"https:\/\/www.lauluvaljak.ee\/en\/wp-json\/wp\/v2\/events\/4508\/revisions"}],"wp:featuredmedia":[{"embeddable":true,"href":"https:\/\/www.lauluvaljak.ee\/en\/wp-json\/wp\/v2\/media\/1996"}],"wp:attachment":[{"href":"https:\/\/www.lauluvaljak.ee\/en\/wp-json\/wp\/v2\/media?parent=4508"}],"wp:term":[{"taxonomy":"event_cat","embeddable":true,"href":"https:\/\/www.lauluvaljak.ee\/en\/wp-json\/wp\/v2\/event_cat?post=4508"}],"curies":[{"name":"wp","href":"https:\/\/api.w.org\/{rel}","templated":true}]}}