{"id":4504,"date":"2025-05-29T12:58:09","date_gmt":"2025-05-29T09:58:09","guid":{"rendered":"https:\/\/www.lauluvaljak.ee\/events\/%c3%bcrgv%c3%a4eline-tuva\/"},"modified":"2025-05-29T12:58:09","modified_gmt":"2025-05-29T09:58:09","slug":"%c3%bcrgv%c3%a4eline-tuva","status":"publish","type":"events","link":"https:\/\/www.lauluvaljak.ee\/en\/events\/%c3%bcrgv%c3%a4eline-tuva\/","title":{"rendered":"\u00dcrgv\u00e4eline tuva"},"content":{"rendered":"<div class=\"shadowblock shadowblock-sm-expand\">\n<div class=\"aspect-68\">\n\t\t\t\t\t<span class=\"aspectcontent bg--align\" style=\"background: url(https:\/\/lauluvaljak.ee\/sites\/default\/files\/styles\/event\/public\/field\/image\/screenshot_2019-04-03_at_15.13.43.png?itok=IxpjRrAq)  no-repeat center center\"><\/span>\n\t\t\t\t<\/div>\n<\/p><\/div>\n<div class=\"shadowblock\">\n<div class=\"ml-col-40 sm-show\">\n<div class=\"eventinfo\">\n<h4 class=\"eventinfo__title text--bold\">Kuup\u00e4ev<\/h4>\n<p class=\"eventinfo__paragraph\">23.05.2019 &#8211; 23.05.2019<\/p>\n<div class=\"spacing-20\"><\/div>\n<\/p><\/div>\n<\/p><\/div>\n<div class=\"spacing-20 sm-show\"><\/div>\n<\/p>\n<p>23. mail kell 19.00 toimub Tallinna Lauluv\u00e4ljaku Klaassaalis Tuva Rahvapilliorkestri ja Kurgulaulikute Koori kontsert.<\/p>\n<p>Tegemist on suurejoonelise kurgulaulu etendusega, kus erinevalt tavap\u00e4rasest paarist lauljast on laval 22 inimest, kes valdavad k\u00f5iki viit \u00fclemhelilaulu stiili ning saadavad end rahvapillidel. Kontsert on ka visuaalselt atraktiivne nii esinejate v\u00e4rvikate r\u00f5ivaste kui ka muu atribuutika poolest. Tuva ehk T\u00f5va on tuntud oma shamanistliku kultuuri, sk\u00fc\u00fctide kurgaanide ja erilise muusika poolest. V\u00e4idetavalt on tuvalastel h\u00e4\u00e4lepaelte ehituski pisut erinev tavap\u00e4rasest, mis v\u00f5imaldab neil korraga mitmeh\u00e4\u00e4lselt laulda. Selles muusikas on \u00fchtaegu nii \u00fcrgv\u00e4gi kui kaheksas ilmaime.<\/p>\n<\/p><\/div>\n","protected":false},"excerpt":{"rendered":"<p>Kuup\u00e4ev 23.05.2019 &#8211; 23.05.2019 23. mail kell 19.00 toimub Tallinna Lauluv\u00e4ljaku Klaassaalis Tuva Rahvapilliorkestri ja Kurgulaulikute Koori kontsert. Tegemist on&#8230;<\/p>\n","protected":false},"featured_media":2015,"template":"","event_cat":[],"class_list":["post-4504","events","type-events","status-publish","has-post-thumbnail","hentry"],"acf":[],"_links":{"self":[{"href":"https:\/\/www.lauluvaljak.ee\/en\/wp-json\/wp\/v2\/events\/4504","targetHints":{"allow":["GET"]}}],"collection":[{"href":"https:\/\/www.lauluvaljak.ee\/en\/wp-json\/wp\/v2\/events"}],"about":[{"href":"https:\/\/www.lauluvaljak.ee\/en\/wp-json\/wp\/v2\/types\/events"}],"version-history":[{"count":0,"href":"https:\/\/www.lauluvaljak.ee\/en\/wp-json\/wp\/v2\/events\/4504\/revisions"}],"wp:featuredmedia":[{"embeddable":true,"href":"https:\/\/www.lauluvaljak.ee\/en\/wp-json\/wp\/v2\/media\/2015"}],"wp:attachment":[{"href":"https:\/\/www.lauluvaljak.ee\/en\/wp-json\/wp\/v2\/media?parent=4504"}],"wp:term":[{"taxonomy":"event_cat","embeddable":true,"href":"https:\/\/www.lauluvaljak.ee\/en\/wp-json\/wp\/v2\/event_cat?post=4504"}],"curies":[{"name":"wp","href":"https:\/\/api.w.org\/{rel}","templated":true}]}}