{"id":4491,"date":"2025-05-29T12:58:13","date_gmt":"2025-05-29T09:58:13","guid":{"rendered":"https:\/\/www.lauluvaljak.ee\/events\/tindipott-vii\/"},"modified":"2025-05-29T12:58:13","modified_gmt":"2025-05-29T09:58:13","slug":"tindipott-vii","status":"publish","type":"events","link":"https:\/\/www.lauluvaljak.ee\/en\/events\/tindipott-vii\/","title":{"rendered":"Tindipott VII"},"content":{"rendered":"<div class=\"shadowblock shadowblock-sm-expand\">\n<div class=\"aspect-68\">\n\t\t\t\t\t<span class=\"aspectcontent bg--align\" style=\"background: url(https:\/\/lauluvaljak.ee\/sites\/default\/files\/styles\/event\/public\/field\/image\/screenshot_2019-01-31_at_15.44.05.png?itok=32jJ9qQm)  no-repeat center center\"><\/span>\n\t\t\t\t<\/div>\n<\/p><\/div>\n<div class=\"shadowblock\">\n<div class=\"ml-col-40 sm-show\">\n<div class=\"eventinfo\">\n<h4 class=\"eventinfo__title text--bold\">Kuup\u00e4ev<\/h4>\n<p class=\"eventinfo__paragraph\">16.02.2019 &#8211; 16.02.2019<\/p>\n<div class=\"spacing-20\"><\/div>\n<\/p><\/div>\n<\/p><\/div>\n<div class=\"spacing-20 sm-show\"><\/div>\n<\/p>\n<p>\u201eTindipott\u201c, taas r\u00f5\u00f5mustad sa oma k\u00fclalisi k\u00fcllusliku muusika ja luuleloominguga. Seekord t\u00e4histad v\u00e4\u00e4rikalt heategevusfondi \u201eS\u00fcdamete soojus\u201d 5. juubelit ja Tallinna tulevad toredad k\u00fclalised Moskvast.<\/p>\n<p>\u201eTindipott\u201c r\u00f5\u00f5mustab mitte ainult pealtvaatajaid vaid ka meie organisatsiooni noort hoolealust Georg Komkovi, kes peab elama Di-George s\u00fcndroomiga. Koos meie vabatahtlike ja paljudele heade inimestega oleme tema eest hoolitsenud juba mitu aastat. T\u00e4nu kogutud rahale sai Georg ensele lubada talle h\u00e4davajalikke eriprotseduure, mille toel sai ta tagasi k\u00f5nev\u00f5ime. Seekordse kontserdiga kogume Georgile raha St.Peterburis asuva Behterevi kliiniku plaanip\u00e4raseks k\u00fclastuseks, kus talle tehakse vajalikku taastusravi, mida tal ei ole v\u00f5imalik Eestist saada.<br \/>\nRohkem infot Georgi kohta leiab siit:\u00a0<a href=\"https:\/\/bit.ly\/GeorgKomkov2?fbclid=IwAR0ba5sU2zOEr31giOa8PcJA4ehc8fX2GISggMLp-Ryb6x4ahuSesX7XSE4\" target=\"_blank\" rel=\"noopener\">http:\/\/bit.ly\/GeorgKomkov2<\/a><\/p>\n<p>\u00dcrituse korraldamist toetavad Tallinna Linnavalitsus ja Tallinna Kultuuriamet.<\/p>\n<p>16. veebruaril, \u201eTindipott VII\u201d \u00f5htul, ootab s\u00fcndmuse k\u00fclastajat ees m\u00f5nus koosviibimine. Rahva ette astuvad:\u00a0<\/p>\n<p><strong>J\u00c4\u00c4\u00c4\u00c4R<\/strong> \u2013 Eestis palavalt armastatud, neljal kitarril esinev b\u00e4nd. J\u00c4\u00c4\u00c4\u00c4Re laulud on puhas nauding igale muusikaarmastajale.<br \/>\n\u201eS\u00fcgise t\u00fcdruk\u201c:\u00a0<a href=\"https:\/\/l.facebook.com\/l.php?u=https%3A%2F%2Fwww.youtube.com%2Fwatch%3Fv%3DWS-mqtdYX70%26fbclid%3DIwAR3Kkwu8xeetPHsVhnRKsCpB25BwzgcBpHn2OIEe4pgw_Le-zHwzMsxKtYo&amp;h=AT1v2iU8LTalRKQgjFyHwzeTzBrOHkSxB-cbk_G_V6QwR-hwb1lLZ8ONPi3Djs70bi-ovCCQbeNvxoOobAyEZ2w_V06ab491IexIUD59Ua6CpL6VaLljZWkU-6rYzUaUGrC8ZLn1NDybEPneARnD\" target=\"_blank\" rel=\"noopener\">www.youtube.com\/watch?v=WS-mqtdYX70<\/a><\/p>\n<p><strong>Ex-RUSSKIE<\/strong> \u2013 Gennadi Bogdanov ja Dmitri Hristov toovad Moskvast kaasa t\u00f5elise vene hinge ja r\u00f5\u00f5mustavad Tallinna kuulajat Scorpionsi \u201eWinds of Change\u201d perioodist p\u00e4rit rokiklassika p\u00e4rlitega.<br \/>\n\u00ab\u041d\u0423 \u0418 \u0427\u0422\u041e\u00bb:\u00a0<a href=\"https:\/\/l.facebook.com\/l.php?u=https%3A%2F%2Fwww.youtube.com%2Fwatch%3Fv%3D7jwHQViIs8U%26fbclid%3DIwAR1BPofnWE3eII4WzLWn7IxUAzYZ1JCseCcehcyXHNAznpDlI3MVrFO6_Rg&amp;h=AT2lAW5VZ-iQN8dUX-0uLt--_Vl1-LJyFxQfQDRmUeq2-r5Y8BBEzfJt446DKmjFSuXLiJAt9Prvx4AQ8_TQ7n5cOWuabhdOHRVro5R-LfM_YvdsW5YpyHpoIehXWTBIn3D_HnSOnEKgS9HKU940\" target=\"_blank\" rel=\"noopener\">www.youtube.com\/watch?v=7jwHQViIs8U<\/a><\/p>\n<p><strong>PX Band<\/strong> \u2013 Ruslan ja Dana tulevad lavale akustilise duetina ja kui keegi on juhtumisi PX Bandi enne kuulama sattunud, siis nende uus akustiline esitus avab selle ansambli kuulaja jaoks t\u00e4iesti uuest perspektiivist.\u00a0<br \/>\n\u00ab\u042f \u0436\u0438\u0432\u0443\u00bb:\u00a0<a href=\"https:\/\/l.facebook.com\/l.php?u=https%3A%2F%2Fwww.youtube.com%2Fwatch%3Fv%3DQg_WJFaf30Y%26fbclid%3DIwAR27yOM-NRh7ippaiL-1DrhDgQ7GYBP0Iw36y-UfR42efaBjYLtoWA44u7E&amp;h=AT14WIh1N4pLQ47eRANqHUU_Hx1sja9v4tcmAD52BjQKAoiCyAgWa_lUlAap-BUmJBpeC_zUDglna8alORnENm71ucpHQdFO4sGz4qMlaGIe7MNK0FjfwjFvlGgj_N3PJJ6a4Hs1R2mmjVO2gYN2\" target=\"_blank\" rel=\"noopener\">www.youtube.com\/watch?v=Qg_WJFaf30Y<\/a><\/p>\n<p><strong>SUURE LINNA TUULED<\/strong> \u2013 Maksim Galanin ja Deniss Shvedov on laiema publiku jaoks tuttavad oma nostalgiliste rokilugudega. Seekord k\u00f5lab kontserdil nende omalooming ning esitletakse uut laulu ja muusikavideot.\u00a0<br \/>\n\u00d5htu luuleosa t\u00e4idavad:\u00a0<br \/>\nDmitri Kosjakov \u2013 Vene Teatri n\u00e4itleja ja projekti \u201eKorterikontserdid Art Media Space ruumis\u201c looja jagab seekord, \u00fchel harvadest kordadest, \u00f5htu k\u00fclalistega oma isiklikku loomingut.\u00a0<\/p>\n<p><strong>Vladimir Tok<\/strong> \u2013 Rohkem Eestis v\u00e4ljaspool tuntud noor poeet Narvast, kes reisib palju Venemaal, Ukrainas ja Valgevenes. Ta on \u00fcks v\u00e4hestest Eestis luuletajatest, kes end oma loominguga ka \u00e4ra elatab.\u00a0<a href=\"https:\/\/www.youtube.com\/watch?v=ekF-NVM574c&amp;fbclid=IwAR1lzw4VJHXb8qTim7kbwxiy8WOblAHL9bCK1C6QfAp_EZOt4gARWGEeg6c\" target=\"_blank\" rel=\"noopener\">www.youtube.com\/watch?v=ekF-NVM574c<\/a><\/p>\n<p><strong>Antipa Molchun<\/strong> \u2013 Narvast p\u00e4rit, hetkel Tallinnas elav poeet. Laiema publiku jaoks tuntud projektidest \u201eFlip Poets\u201c ja \u201eJam Poets\u201c, kus ta on esinenud koos P.I. Filimonoviga. Hiljuti avaldas ta ka uue, kunstnik Evi P\u00e4rniga koost\u00f6\u00f6s s\u00fcndinud, kaunilt illustreeritud luulekogumiku.<br \/>\n<a href=\"https:\/\/l.facebook.com\/l.php?u=https%3A%2F%2Ftinyurl.com%2Fyajw948f%3Ffbclid%3DIwAR3lAoZBMVktf1Mx1A6b3CoCvmNZU4y85YY5Nanos7vmC1V0BIfqEUE_WnI&amp;h=AT3tKgXCHopMehhteix_qHSYsazdZ5XtwLXROIX8fnD5p00Lwc4GBLuLBLPntEdbU0ooHNo5xfb89vnoR1LbUnzic-3Yj5-nzAksx6AWy-mTKGPJglGRKbTuxJyipFrDbJ1brH5RAWRyHg805T1p\" target=\"_blank\" rel=\"noopener\">https:\/\/tinyurl.com\/yajw948f<\/a><br \/>\n<a href=\"https:\/\/l.facebook.com\/l.php?u=https%3A%2F%2Fwww.youtube.com%2Fchannel%2FUCX4yZPm8PWMfBwiG_1m3upA%2Fplaylists%3Ffbclid%3DIwAR1Ot21vrZRo4z_kMkwOgDyT0ppfPcnFRU8Dj4FTkSIJIAPEM2NshNvwIXk&amp;h=AT1v5RRjvTuqzwX6zQ0H-nQWeFW8izlxDfE8PCDURdgCTqYfL3vKn49zEQnPAW0Rj_tB3fcFTvzaV_58sUqlx-ea3_fG349DUpDAClJRHTV66CyYiGC4LzcfG6pwmXuPnoN1oYosqZVAxADcsNAZ\" target=\"_blank\" rel=\"noopener\">https:\/\/www.youtube.com\/channel\/UCX4yZPm8PWMfBwiG_1m3upA\/playlists<\/a><\/p>\n<p><strong>Ksenia Shabanova<\/strong> \u2013 on Tallinnas tuntud kui andekas foto- ja videograaf. Sel aastal deb\u00fcteerib Ksenia aga hoopis poetessina ja jagab laiema publikuga oma luuleloomingut, mis erinevalt tema fotodest, mida v\u00f5ib regulaarselt imetleda National Geographi Russia kodulehel, kogusid siiani tolmu tema t\u00f6\u00f6laua sahtlis.<\/p>\n<p>Kui tunnete, et teis t\u00e4rkas huvi, siis vaadake Tindipott VI video\u00fclevaadet ja tulge meie j\u00e4rgmisele s\u00fcndmusele:<br \/>\n<a href=\"https:\/\/www.facebook.com\/sydamete.soojus\/videos\/1806172509441483\/\" target=\"_blank\" rel=\"noopener\">https:\/\/www.facebook.com\/sydamete.soojus\/videos\/1806172509441483\/<\/a><br \/>\n\u00a0<\/p>\n<\/p><\/div>\n","protected":false},"excerpt":{"rendered":"<p>Kuup\u00e4ev 16.02.2019 &#8211; 16.02.2019 \u201eTindipott\u201c, taas r\u00f5\u00f5mustad sa oma k\u00fclalisi k\u00fcllusliku muusika ja luuleloominguga. Seekord t\u00e4histad v\u00e4\u00e4rikalt heategevusfondi \u201eS\u00fcdamete soojus\u201d&#8230;<\/p>\n","protected":false},"featured_media":2060,"template":"","event_cat":[],"class_list":["post-4491","events","type-events","status-publish","has-post-thumbnail","hentry"],"acf":[],"_links":{"self":[{"href":"https:\/\/www.lauluvaljak.ee\/en\/wp-json\/wp\/v2\/events\/4491","targetHints":{"allow":["GET"]}}],"collection":[{"href":"https:\/\/www.lauluvaljak.ee\/en\/wp-json\/wp\/v2\/events"}],"about":[{"href":"https:\/\/www.lauluvaljak.ee\/en\/wp-json\/wp\/v2\/types\/events"}],"version-history":[{"count":0,"href":"https:\/\/www.lauluvaljak.ee\/en\/wp-json\/wp\/v2\/events\/4491\/revisions"}],"wp:featuredmedia":[{"embeddable":true,"href":"https:\/\/www.lauluvaljak.ee\/en\/wp-json\/wp\/v2\/media\/2060"}],"wp:attachment":[{"href":"https:\/\/www.lauluvaljak.ee\/en\/wp-json\/wp\/v2\/media?parent=4491"}],"wp:term":[{"taxonomy":"event_cat","embeddable":true,"href":"https:\/\/www.lauluvaljak.ee\/en\/wp-json\/wp\/v2\/event_cat?post=4491"}],"curies":[{"name":"wp","href":"https:\/\/api.w.org\/{rel}","templated":true}]}}