{"id":4479,"date":"2025-05-29T12:58:19","date_gmt":"2025-05-29T09:58:19","guid":{"rendered":"https:\/\/www.lauluvaljak.ee\/events\/summer-city\/"},"modified":"2025-05-29T12:58:19","modified_gmt":"2025-05-29T09:58:19","slug":"summer-city","status":"publish","type":"events","link":"https:\/\/www.lauluvaljak.ee\/en\/events\/summer-city\/","title":{"rendered":"SUMMER IN THE CITY"},"content":{"rendered":"<div class=\"shadowblock shadowblock-sm-expand\">\n<div class=\"aspect-68\">\n\t\t\t\t\t<span class=\"aspectcontent bg--align\" style=\"background: url(https:\/\/lauluvaljak.ee\/sites\/default\/files\/styles\/event\/public\/field\/image\/summerinthecity-artwork-1920x1080-full-lineup-copy_910.jpg?itok=P4DdOmWl)  no-repeat center center\"><\/span>\n\t\t\t\t<\/div>\n<\/p><\/div>\n<div class=\"shadowblock\">\n<div class=\"ml-col-40 sm-show\">\n<div class=\"eventinfo\">\n<h4 class=\"eventinfo__title text--bold\">Kuup\u00e4ev<\/h4>\n<p class=\"eventinfo__paragraph\">10.07.2020 &#8211; 11.07.2020<\/p>\n<div class=\"spacing-10\"><\/div>\n<div class=\"spacing-15\"><\/div>\n<h4 class=\"eventinfo__title text--bold\">Vaata lisa <\/h4>\n<p class=\"eventinfo__paragraph\">citysummer.ee<\/p>\n<div class=\"spacing-10\"><\/div>\n<div class=\"spacing-15\"><\/div>\n<h4 class=\"eventinfo__title text--bold\">07.07.2020<\/h4>\n<p class=\"eventinfo__paragraph\">DAG\u00d6<\/p>\n<div class=\"spacing-10\"><\/div>\n<div class=\"spacing-15\"><\/div>\n<h4 class=\"eventinfo__title text--bold\">08.07.2020<\/h4>\n<p class=\"eventinfo__paragraph\">SMILERS<\/p>\n<div class=\"spacing-10\"><\/div>\n<div class=\"spacing-15\"><\/div>\n<h4 class=\"eventinfo__title text--bold\">09.07.2020<\/h4>\n<p class=\"eventinfo__paragraph\">REKET<\/p>\n<div class=\"spacing-10\"><\/div>\n<div class=\"spacing-15\"><\/div>\n<h4 class=\"eventinfo__title text--bold\">10.07.2020<\/h4>\n<p class=\"eventinfo__paragraph\">NO\u00cbP<\/p>\n<div class=\"spacing-10\"><\/div>\n<div class=\"spacing-15\"><\/div>\n<h4 class=\"eventinfo__title text--bold\">11.07.2020<\/h4>\n<p class=\"eventinfo__paragraph\">Trad.Attack!<\/p>\n<div class=\"spacing-10\"><\/div>\n<div class=\"spacing-15\"><\/div>\n<h4 class=\"eventinfo__title text--bold\">S\u00fcndmuse korraldaja<\/h4>\n<p class=\"eventinfo__paragraph\">Monster Music O\u00dc<\/p>\n<div class=\"spacing-20\"><\/div>\n<\/p><\/div>\n<\/p><\/div>\n<div class=\"spacing-20 sm-show\"><\/div>\n<\/p>\n<p>Suvi linnas on super! N\u00e4dal aega suurep\u00e4rast <em>live<\/em>-muusikat ja m\u00f5nusat fiilingut \u2013 see on Summer In The City!<\/p>\n<p>\n7.-11. juulini astuvad Tallinna Lauluv\u00e4ljaku mereallee pargis, p\u00f5lispuude varjus \u00fcles Sinu suured lemmikud Smilers, Dag\u00f6, Reket\u00a0ja ainsa suvekontserdiga <strong>Trad Attack<\/strong>!<br \/>\nIga p\u00e4ev uus kontsert!<\/p>\n<p>\nVali, keda nautida tahad ja osta pilet kohe, sest publikuarv on piiratud.<\/p>\n<p>\u00a0<\/p>\n<p>Piletid: <a href=\"https:\/\/tickets.monstermusic.ee\/citysummer\" target=\"_blank\" rel=\"noopener\">https:\/\/tickets.monstermusic.ee\/citysummer<\/a> ja <a href=\"https:\/\/www.piletilevi.ee\/est\/piletid\/muusika\/festival\/summer-in-the-city-71222\/\" target=\"_blank\" rel=\"noopener\">https:\/\/www.piletilevi.ee\/est\/piletid\/muusika\/festival\/summer-in-the-city-71222\/<\/a><br \/>\n\u00a0<\/p>\n<\/p><\/div>\n","protected":false},"excerpt":{"rendered":"<p>Kuup\u00e4ev 10.07.2020 &#8211; 11.07.2020 Vaata lisa citysummer.ee 07.07.2020 DAG\u00d6 08.07.2020 SMILERS 09.07.2020 REKET 10.07.2020 NO\u00cbP 11.07.2020 Trad.Attack! S\u00fcndmuse korraldaja Monster&#8230;<\/p>\n","protected":false},"featured_media":2095,"template":"","event_cat":[],"class_list":["post-4479","events","type-events","status-publish","has-post-thumbnail","hentry"],"acf":[],"_links":{"self":[{"href":"https:\/\/www.lauluvaljak.ee\/en\/wp-json\/wp\/v2\/events\/4479","targetHints":{"allow":["GET"]}}],"collection":[{"href":"https:\/\/www.lauluvaljak.ee\/en\/wp-json\/wp\/v2\/events"}],"about":[{"href":"https:\/\/www.lauluvaljak.ee\/en\/wp-json\/wp\/v2\/types\/events"}],"version-history":[{"count":0,"href":"https:\/\/www.lauluvaljak.ee\/en\/wp-json\/wp\/v2\/events\/4479\/revisions"}],"wp:featuredmedia":[{"embeddable":true,"href":"https:\/\/www.lauluvaljak.ee\/en\/wp-json\/wp\/v2\/media\/2095"}],"wp:attachment":[{"href":"https:\/\/www.lauluvaljak.ee\/en\/wp-json\/wp\/v2\/media?parent=4479"}],"wp:term":[{"taxonomy":"event_cat","embeddable":true,"href":"https:\/\/www.lauluvaljak.ee\/en\/wp-json\/wp\/v2\/event_cat?post=4479"}],"curies":[{"name":"wp","href":"https:\/\/api.w.org\/{rel}","templated":true}]}}