{"id":4468,"date":"2025-05-29T12:58:22","date_gmt":"2025-05-29T09:58:22","guid":{"rendered":"https:\/\/www.lauluvaljak.ee\/events\/tallinna-k%c3%a4sit%c3%b6%c3%b6mess-2019-0\/"},"modified":"2025-05-29T12:58:22","modified_gmt":"2025-05-29T09:58:22","slug":"tallinna-k%c3%a4sit%c3%b6%c3%b6mess-2019-0","status":"publish","type":"events","link":"https:\/\/www.lauluvaljak.ee\/en\/events\/tallinna-k%c3%a4sit%c3%b6%c3%b6mess-2019-0\/","title":{"rendered":"Tallinna K\u00e4sit\u00f6\u00f6mess 2019"},"content":{"rendered":"<div class=\"shadowblock shadowblock-sm-expand\">\n<div class=\"aspect-68\">\n\t\t\t\t\t<span class=\"aspectcontent bg--align\" style=\"background: url(https:\/\/lauluvaljak.ee\/sites\/default\/files\/styles\/event\/public\/field\/image\/kasitoomess_1.png?itok=wany30wD)  no-repeat center center\"><\/span>\n\t\t\t\t<\/div>\n<\/p><\/div>\n<div class=\"shadowblock\">\n<div class=\"ml-col-40 sm-show\">\n<div class=\"eventinfo\">\n<h4 class=\"eventinfo__title text--bold\">Kuup\u00e4ev<\/h4>\n<p class=\"eventinfo__paragraph\">06.12.2019 &#8211; 08.12.2019<\/p>\n<div class=\"spacing-10\"><\/div>\n<div class=\"spacing-15\"><\/div>\n<div class=\"spacing-20\"><\/div>\n<\/p><\/div>\n<\/p><\/div>\n<div class=\"spacing-20 sm-show\"><\/div>\n<\/p>\n<p>6.\u2013 8.detsembril toimub Tallinna Lauluv\u00e4ljakul j\u00f5ulueelne Tallinna K\u00e4sit\u00f6\u00f6mess.<br \/>\nTallinna K\u00e4sit\u00f6\u00f6mess on k\u00e4sit\u00f6\u00f6 suurs\u00fcndmus eesm\u00e4rgiga populariseerida k\u00e4sit\u00f6\u00f6d.<\/p>\n<p><strong>Lisainfo:<\/strong><br \/>\n\u00b7\u00a0\u00a0\u00a0\u00a0\u00a0\u00a0Avatud:<\/p>\n<div style=\"margin-left: 40px;\">o\u00a0\u00a06.12 \u2013 12.00-19.00<br \/>\no\u00a0\u00a07.12 \u2013 10.00-18.00<br \/>\no\u00a0\u00a08.12 \u2013 10.00-17.00<\/div>\n<p>\u00b7\u00a0\u00a0\u00a0\u00a0\u00a0\u00a0Sissep\u00e4\u00e4s ja parkimine TASUTA<br \/>\n\u00b7\u00a0\u00a0\u00a0\u00a0\u00a0\u00a0<a href=\"http:\/\/www.xn--tallinnaksitmess-3nb14aa.ee\/\" target=\"_blank\" rel=\"noopener\">www.tallinnak\u00e4sit\u00f6\u00f6mess.ee<\/a><br \/>\n\u00b7\u00a0\u00a0\u00a0\u00a0\u00a0\u00a0<a href=\"http:\/\/www.facebook.com\/Tallinnakasitoomess\/\" target=\"_blank\" rel=\"noopener\">www.facebook.com\/Tallinnakasitoomess\/<\/a><br \/>\n\u00b7\u00a0\u00a0\u00a0\u00a0\u00a0\u00a0Korraldaja kontakt: +372 6213004\u00a0<a href=\"mailto:info@xn--tallinnaksitmess-3nb14aa.ee\">info@xn--tallinnaksitmess-3nb14aa.ee<\/a><br \/>\n\u00b7\u00a0\u00a0\u00a0\u00a0\u00a0\u00a0Tallinna K\u00e4sit\u00f6\u00f6mess MT\u00dc\u00a0<a href=\"http:\/\/www.xn--tallinnaksitmess-3nb14aa.ee\/\" target=\"_blank\" rel=\"noopener\">www.tallinnak\u00e4sit\u00f6\u00f6mess.ee<\/a>\u200b<\/p>\n<p>\u00a0<\/p>\n<\/p><\/div>\n","protected":false},"excerpt":{"rendered":"<p>Kuup\u00e4ev 06.12.2019 &#8211; 08.12.2019 6.\u2013 8.detsembril toimub Tallinna Lauluv\u00e4ljakul j\u00f5ulueelne Tallinna K\u00e4sit\u00f6\u00f6mess. Tallinna K\u00e4sit\u00f6\u00f6mess on k\u00e4sit\u00f6\u00f6 suurs\u00fcndmus eesm\u00e4rgiga populariseerida k\u00e4sit\u00f6\u00f6d&#8230;.<\/p>\n","protected":false},"featured_media":2146,"template":"","event_cat":[],"class_list":["post-4468","events","type-events","status-publish","has-post-thumbnail","hentry"],"acf":[],"_links":{"self":[{"href":"https:\/\/www.lauluvaljak.ee\/en\/wp-json\/wp\/v2\/events\/4468","targetHints":{"allow":["GET"]}}],"collection":[{"href":"https:\/\/www.lauluvaljak.ee\/en\/wp-json\/wp\/v2\/events"}],"about":[{"href":"https:\/\/www.lauluvaljak.ee\/en\/wp-json\/wp\/v2\/types\/events"}],"version-history":[{"count":0,"href":"https:\/\/www.lauluvaljak.ee\/en\/wp-json\/wp\/v2\/events\/4468\/revisions"}],"wp:featuredmedia":[{"embeddable":true,"href":"https:\/\/www.lauluvaljak.ee\/en\/wp-json\/wp\/v2\/media\/2146"}],"wp:attachment":[{"href":"https:\/\/www.lauluvaljak.ee\/en\/wp-json\/wp\/v2\/media?parent=4468"}],"wp:term":[{"taxonomy":"event_cat","embeddable":true,"href":"https:\/\/www.lauluvaljak.ee\/en\/wp-json\/wp\/v2\/event_cat?post=4468"}],"curies":[{"name":"wp","href":"https:\/\/api.w.org\/{rel}","templated":true}]}}