{"id":4442,"date":"2025-05-29T12:58:32","date_gmt":"2025-05-29T09:58:32","guid":{"rendered":"https:\/\/www.lauluvaljak.ee\/events\/j%c3%a4%c3%a4tisepidu-1\/"},"modified":"2025-05-29T12:58:32","modified_gmt":"2025-05-29T09:58:32","slug":"j%c3%a4%c3%a4tisepidu-1","status":"publish","type":"events","link":"https:\/\/www.lauluvaljak.ee\/en\/events\/j%c3%a4%c3%a4tisepidu-1\/","title":{"rendered":"J\u00e4\u00e4tisepidu"},"content":{"rendered":"<div class=\"shadowblock shadowblock-sm-expand\">\n<div class=\"aspect-68\">\n\t\t\t\t\t<span class=\"aspectcontent bg--align\" style=\"background: url(https:\/\/lauluvaljak.ee\/sites\/default\/files\/styles\/event\/public\/field\/image\/jaatisepidu-piklik_1.png?itok=BnhqMt5j)  no-repeat center center\"><\/span>\n\t\t\t\t<\/div>\n<\/p><\/div>\n<div class=\"shadowblock\">\n<div class=\"ml-col-40 sm-show\">\n<div class=\"eventinfo\">\n<h4 class=\"eventinfo__title text--bold\">Kuup\u00e4ev<\/h4>\n<p class=\"eventinfo__paragraph\">29.08.2021 &#8211; 29.08.2021<\/p>\n<div class=\"spacing-10\"><\/div>\n<div class=\"spacing-15\"><\/div>\n<h4 class=\"eventinfo__title text--bold\">Info<\/h4>\n<p class=\"eventinfo__paragraph\">info@yesevents.ee<\/p>\n<div class=\"spacing-10\"><\/div>\n<div class=\"spacing-15\"><\/div>\n<h4 class=\"eventinfo__title text--bold\">Korraldaja<\/h4>\n<p class=\"eventinfo__paragraph\">DK Entertainment O\u00dc<\/p>\n<div class=\"spacing-10\"><\/div>\n<div class=\"spacing-15\"><\/div>\n<h4 class=\"eventinfo__title text--bold\">V\u00e4ravad avatakse<\/h4>\n<p class=\"eventinfo__paragraph\">kell 11:00<\/p>\n<div class=\"spacing-20\"><\/div>\n<\/p><\/div>\n<\/p><\/div>\n<div class=\"spacing-20 sm-show\"><\/div>\n<\/p>\n<p><strong>BALBIINO ESITLEB:<br \/>\nSuve magusaim \u00fcritus J\u00e4\u00e4tisepidu taaselustab omap\u00e4rase Seebikarbiautode v\u00f5istluse<\/strong><br \/>\n\u00a0<br \/>\n<strong>Tallinna Lauluv\u00e4ljakul 29. augustil toimuv laste suur lemmik J\u00e4\u00e4tisepidu taaskorraldab \u00fcle k\u00fcmne aasta Seebikarbiautode v\u00f5istluse, millest v\u00f5ib osa v\u00f5tta iga\u00fcks. Juba praeguseks on enda soovist v\u00f5istlusest osa v\u00f5tta teada andnud \u00fcle 30ne meeskonna.<\/strong>\u00a0<br \/>\n\u00a0<br \/>\nK\u00fcmme aastat tagasi lauluv\u00e4ljakul toimunud v\u00f5istlus meelitas toona kohale k\u00fcmneid osalejaid ja tuhandeid pealtvaatajaid. T\u00e4navuse v\u00f5istluse huvilised peaksid kirjutama oma soovist\u00a0<a href=\"mailto:info@jaatisepidu.ee\">info@jaatisepidu.ee<\/a>.<br \/>\n\u00a0<br \/>\nMeelelahutusprogramm k\u00e4tkeb endas tantsu- ja teatrikollektiivide etendusi, animaatorite esinemisi ning raadio teel juhitavate m\u00e4nguautode n\u00e4idiss\u00f5ite. Uue kooliaasta alguse eel on J\u00e4\u00e4tisepeol kohal huvikoolide- ja r\u00fchmade esindajad, kes tutvustavad oma tegevust ning viivad l\u00e4bi sobivustreeningud samas kohapeal. Avatud on v\u00e4ike laste loomaaed.\u00a0<br \/>\n\u00a0\u00a0<br \/>\nJ\u00e4\u00e4tisepeol saab maiststa Eesti suurimat j\u00e4\u00e4tisevalikut.<br \/>\n\u00a0\u00a0<br \/>\nJ\u00e4\u00e4tisepeole p\u00fcstitatakse suur Tivoli park, mis tuukase kohale T\u0161ehhist. \u00dcle 15ne atraktsiooniga pargis on tegevust nii suurtele kui v\u00e4ikestele k\u00fclastajatele.\u00a0<br \/>\n\u00a0\u00a0<br \/>\nAvatud suur toidut\u00e4nav, kus iga\u00fcks saab leida midagi enda maitsele. Pileteid saab osta eelm\u00fc\u00fcgist Piletilevist ja kohapeal.\u00a0<br \/>\n\u00a0<\/p>\n<\/p><\/div>\n","protected":false},"excerpt":{"rendered":"<p>Kuup\u00e4ev 29.08.2021 &#8211; 29.08.2021 Info info@yesevents.ee Korraldaja DK Entertainment O\u00dc V\u00e4ravad avatakse kell 11:00 BALBIINO ESITLEB: Suve magusaim \u00fcritus J\u00e4\u00e4tisepidu&#8230;<\/p>\n","protected":false},"featured_media":2230,"template":"","event_cat":[],"class_list":["post-4442","events","type-events","status-publish","has-post-thumbnail","hentry"],"acf":[],"_links":{"self":[{"href":"https:\/\/www.lauluvaljak.ee\/en\/wp-json\/wp\/v2\/events\/4442","targetHints":{"allow":["GET"]}}],"collection":[{"href":"https:\/\/www.lauluvaljak.ee\/en\/wp-json\/wp\/v2\/events"}],"about":[{"href":"https:\/\/www.lauluvaljak.ee\/en\/wp-json\/wp\/v2\/types\/events"}],"version-history":[{"count":0,"href":"https:\/\/www.lauluvaljak.ee\/en\/wp-json\/wp\/v2\/events\/4442\/revisions"}],"wp:featuredmedia":[{"embeddable":true,"href":"https:\/\/www.lauluvaljak.ee\/en\/wp-json\/wp\/v2\/media\/2230"}],"wp:attachment":[{"href":"https:\/\/www.lauluvaljak.ee\/en\/wp-json\/wp\/v2\/media?parent=4442"}],"wp:term":[{"taxonomy":"event_cat","embeddable":true,"href":"https:\/\/www.lauluvaljak.ee\/en\/wp-json\/wp\/v2\/event_cat?post=4442"}],"curies":[{"name":"wp","href":"https:\/\/api.w.org\/{rel}","templated":true}]}}