{"id":4428,"date":"2025-05-29T12:58:36","date_gmt":"2025-05-29T09:58:36","guid":{"rendered":"https:\/\/www.lauluvaljak.ee\/events\/tallinna-lauluv%c3%a4ljakul-j%c3%b5ulupark\/"},"modified":"2025-05-29T12:58:36","modified_gmt":"2025-05-29T09:58:36","slug":"tallinna-lauluv%c3%a4ljakul-j%c3%b5ulupark","status":"publish","type":"events","link":"https:\/\/www.lauluvaljak.ee\/en\/events\/tallinna-lauluv%c3%a4ljakul-j%c3%b5ulupark\/","title":{"rendered":"Tallinna Lauluv\u00e4ljakul J\u00f5ulupark"},"content":{"rendered":"<div class=\"shadowblock shadowblock-sm-expand\">\n<div class=\"aspect-68\">\n\t\t\t\t\t<span class=\"aspectcontent bg--align\" style=\"background: url(https:\/\/lauluvaljak.ee\/sites\/default\/files\/styles\/event\/public\/field\/image\/201127_joulupark_290x92_720_1606549290.png?itok=nrXr5ZDP)  no-repeat center center\"><\/span>\n\t\t\t\t<\/div>\n<\/p><\/div>\n<div class=\"shadowblock\">\n<div class=\"ml-col-40 sm-show\">\n<div class=\"eventinfo\">\n<h4 class=\"eventinfo__title text--bold\">Kuup\u00e4ev<\/h4>\n<p class=\"eventinfo__paragraph\">29.11.2020 &#8211; 10.01.2021<\/p>\n<div class=\"spacing-10\"><\/div>\n<div class=\"spacing-15\"><\/div>\n<h4 class=\"eventinfo__title text--bold\">Sissep\u00e4\u00e4s<\/h4>\n<p class=\"eventinfo__paragraph\">tasuta<\/p>\n<div class=\"spacing-10\"><\/div>\n<div class=\"spacing-15\"><\/div>\n<h4 class=\"eventinfo__title text--bold\">Park avatud <\/h4>\n<p class=\"eventinfo__paragraph\">iga p\u00e4ev<\/p>\n<div class=\"spacing-20\"><\/div>\n<\/p><\/div>\n<\/p><\/div>\n<div class=\"spacing-20 sm-show\"><\/div>\n<\/p>\n<div style=\"text-align: justify;\"><strong>J\u00f5ulupark koondab endas valgustatud Mere alleed ja RMK p\u00fcstitatud j\u00f5ulumetsa. Samuti on siis n\u00e4ha ka detsembris kunstikoolide \u00f5pilaste poolt p\u00fcsitatud omalaadseid alternatiivseid j\u00f5ulupuid. Alal on ka juba eelmisel aastal populaarsust kogunud tasulise sissep\u00e4\u00e4suga Valgusfestival.<br \/>\n\u00a0<\/strong><\/p>\n<p><iframe loading=\"lazy\" allow=\"accelerometer; autoplay; clipboard-write; encrypted-media; gyroscope; picture-in-picture\" allowfullscreen=\"\" frameborder=\"0\" height=\"439\" src=\"https:\/\/www.youtube.com\/embed\/Hy2yTjTlkqc?controls=0\" width=\"780\"><\/iframe><\/p>\n<p>\n<br \/>\n\u201ePakume Lauluv\u00e4ljakul esmakordselt mitmek\u00fclgseid v\u00f5imalusi p\u00fchademeeleolu loomiseks ning vaba aja veetmiseks. Meie alal on palju ruumi ja v\u00e4rsket \u00f5hku, seega siia saab tulla uudistama v\u00f5rdlemisi ohutult isegi t\u00e4nases situatsioonis,\u201c \u00fctles Tallinna Lauluv\u00e4ljaku juht Urmo Saareoja. \u201eOleme panustanud valguslahendustele, et pimedasse aega helgust juurde tuua. RMK abiga satuvad k\u00fclastajad j\u00f5ulumetsa ja nutiseadet kasutades saab v\u00e4ikese jalutusk\u00e4igu raames m\u00e4ngida ka mobiilim\u00e4ngu. Samuti saab vaadata kunstikoolide \u00f5pilaste poolt tehtud alternatiivseid j\u00f5ulupuid,\u201c tutvustas Saareoja J\u00f5ulupargi meeleolu.<br \/>\n\u00a0<br \/>\nLauluv\u00e4ljak on v\u00f5tnud eesm\u00e4rgiks sedalaadi ettev\u00f5tmistega j\u00e4tkata ka edaspidi. \u201eKoos heade partneritega suudame pakkuda v\u00e4ga eriilmelisi lahendusi, mille esimeseks katsetuseks ongi t\u00e4navune J\u00f5ulupark. Loodetavasti saab sellest linlaste jaoks uus Raekoja plats, milleta j\u00f5ule enam ette ei kujuta,\u201c selgitas Lauluv\u00e4ljaku juht.<br \/>\n\u00a0<br \/>\nJ\u00f5ulupark asub Lauluv\u00e4ljaku Mere alleel ja selle \u00fcmbruses. Mere v\u00e4ravast laulukaare maja poole saab olemas ilus ja valgusm\u00e4nguline. V\u00e4rvides laulukaar, taamal j\u00f5ulukuusk ja \u00fcmbruses erinevad valgusinstallatsioonid.<br \/>\n\u00a0<br \/>\n<img loading=\"lazy\" decoding=\"async\" alt=\"\" height=\"504\" src=\"\/sites\/default\/files\/files\/Alternatiivkuused_Laulukal_2020.jpg\" width=\"780\"><br \/>\n\u00a0<br \/>\nRMK p\u00fcstitas J\u00f5uluparki metsa eluringi tutvustava j\u00f5ulumetsa, kus RMK taimlast p\u00e4rinevad v\u00e4iksed puukesed vahelduvad pisut vanemate metsast p\u00e4rit kuuskede ja m\u00e4ndidega. \u201eEri vanuses puud v\u00e4ljendavad metsa eluringi p\u00f5hiolemust \u2013 k\u00f5ik elav siin ilmas kasvab ja saab vanemaks, igal p\u00f5lvkonnal on t\u00e4ita oma roll ja k\u00f5ik rollid on olulised. Elluj\u00e4\u00e4miseks ja kestmiseks vajame erinevaid p\u00f5lvkondi, koosolemist ning m\u00f5istlikku tasakaalu olemasoleva s\u00e4ilitamise ja kasutamise vahel,\u201c selgitas RMK k\u00fclastuskorraldusosakonna juhataja Marge Rammo j\u00f5ulumetsa ideed. J\u00f5ulumetsa teabetahvlitel tutvustatakse tarkuseteri metsast ja metsa v\u00e4\u00e4rtustest ning vastata saab teemakohastele k\u00fcsimustele. J\u00f5ulumetsa v\u00f5lumaad ilmestab neoontulede valgusdisain, kuhu iga\u00fcks saab ultravioletse tehnika abil kirjutada oma j\u00f5ulusoove.<br \/>\n\u00a0<br \/>\n<img loading=\"lazy\" decoding=\"async\" alt=\"\" height=\"520\" src=\"\/sites\/default\/files\/files\/RMK_Joulumets_2020.png\" width=\"780\"><br \/>\n\u00a0<br \/>\nEesti Kunstikoolide Liidu eestvedamisel pakuvad k\u00fclastajatele uudistamist ka kunstikoolide \u00f5pilaste meisterdatud alternatiivsed kuused. Lapsed on olnud materjalide valikul v\u00e4ga loomingulised ning kuuskede loomiseks v\u00f5etakse kasutusele nii vanad mandariinikastid, helkurite tootmisj\u00e4\u00e4gid kui ka seisma j\u00e4\u00e4nud keraamika. \u201e\u00d5pilastel on kavandid juba valmis ja r\u00f5\u00f5mustav on n\u00e4ha, et lapsed taaskasutavad erinevaid materjale. Fantaasiak\u00fcllased kuused valmisid Lauluv\u00e4ljakul pealtvaatajate silmade all 4. detsembril,\u201c r\u00e4\u00e4kis Eesti Kunstikoolide juhatuse liige ja alternatiivkuuskede projekti eestvedaja Margit Mikk. Samuti kaunistasid nad Lauluv\u00e4ljaku kassamajad ning tegid ka J\u00f5ulupargi \u00fcld valgustust.<br \/>\n\u00a0<br \/>\nTallinna Lauluv\u00e4ljaku, RMK ja Eesti Kunstikoolide Liidu \u00fchisel eestvedamisel loodud J\u00f5ulupark on avatud esimesest advendist kuni 10. jaanuarini. Meie j\u00f5ulupark on avatud iga p\u00e4ev ja sissep\u00e4\u00e4s on k\u00f5igile tasuta. V\u00e4ike vihje. Parim aeg uudistamiseks on \u00f5htupimeduses, siis kui v\u00e4ljas juba pime.<\/p>\n<\/div>\n<p style=\"text-align: justify;\">\u00a0<\/p>\n<p style=\"text-align: justify;\">\u00a0<\/p>\n<p style=\"text-align: justify;\"><strong>Lauluv\u00e4ljaku Mere v\u00e4ravate alal on alates 4. detsembrist avatud ka tasulise sissep\u00e4\u00e4suga\u00a0Valgusfestival &#8220;V\u00f5lumaa&#8221;. Rohkem infot leiad siit:\u00a0<a href=\"http:\/\/www.valgusfestival.eu\/\" target=\"_blank\" rel=\"noopener\">http:\/\/www.valgusfestival.eu\/<\/a><\/strong><\/p>\n<\/p><\/div>\n","protected":false},"excerpt":{"rendered":"<p>Kuup\u00e4ev 29.11.2020 &#8211; 10.01.2021 Sissep\u00e4\u00e4s tasuta Park avatud iga p\u00e4ev J\u00f5ulupark koondab endas valgustatud Mere alleed ja RMK p\u00fcstitatud j\u00f5ulumetsa&#8230;.<\/p>\n","protected":false},"featured_media":2183,"template":"","event_cat":[],"class_list":["post-4428","events","type-events","status-publish","has-post-thumbnail","hentry"],"acf":[],"_links":{"self":[{"href":"https:\/\/www.lauluvaljak.ee\/en\/wp-json\/wp\/v2\/events\/4428","targetHints":{"allow":["GET"]}}],"collection":[{"href":"https:\/\/www.lauluvaljak.ee\/en\/wp-json\/wp\/v2\/events"}],"about":[{"href":"https:\/\/www.lauluvaljak.ee\/en\/wp-json\/wp\/v2\/types\/events"}],"version-history":[{"count":0,"href":"https:\/\/www.lauluvaljak.ee\/en\/wp-json\/wp\/v2\/events\/4428\/revisions"}],"wp:featuredmedia":[{"embeddable":true,"href":"https:\/\/www.lauluvaljak.ee\/en\/wp-json\/wp\/v2\/media\/2183"}],"wp:attachment":[{"href":"https:\/\/www.lauluvaljak.ee\/en\/wp-json\/wp\/v2\/media?parent=4428"}],"wp:term":[{"taxonomy":"event_cat","embeddable":true,"href":"https:\/\/www.lauluvaljak.ee\/en\/wp-json\/wp\/v2\/event_cat?post=4428"}],"curies":[{"name":"wp","href":"https:\/\/api.w.org\/{rel}","templated":true}]}}