{"id":4363,"date":"2025-05-29T13:05:09","date_gmt":"2025-05-29T10:05:09","guid":{"rendered":"https:\/\/www.lauluvaljak.ee\/events\/juubeliaasta-isadep%c3%a4eva\/"},"modified":"2025-05-29T13:05:09","modified_gmt":"2025-05-29T10:05:09","slug":"juubeliaasta-isadep%c3%a4eva","status":"publish","type":"events","link":"https:\/\/www.lauluvaljak.ee\/en\/events\/juubeliaasta-isadep%c3%a4eva\/","title":{"rendered":"Juubeliaasta isadep\u00e4eva"},"content":{"rendered":"<div class=\"shadowblock shadowblock-sm-expand\">\n<div class=\"aspect-68\">\n\t\t\t\t\t<span class=\"aspectcontent bg--align\" style=\"background: url(https:\/\/lauluvaljak.ee\/sites\/default\/files\/styles\/event\/public\/field\/image\/dad-909510_1920.jpg?itok=zVC1h7dZ)  no-repeat center center\"><\/span>\n\t\t\t\t<\/div>\n<\/p><\/div>\n<div class=\"shadowblock\">\n<div class=\"ml-col-40 sm-show\">\n<div class=\"eventinfo\">\n<h4 class=\"eventinfo__title text--bold\">Kuup\u00e4ev<\/h4>\n<p class=\"eventinfo__paragraph\">11.11.2018 &#8211; 11.11.2018<\/p>\n<div class=\"spacing-10\"><\/div>\n<div class=\"spacing-15\"><\/div>\n<h4 class=\"eventinfo__title text--bold\">Korraldaja<\/h4>\n<p class=\"eventinfo__paragraph\"> Kaitsev\u00e4gi<\/p>\n<div class=\"spacing-20\"><\/div>\n<\/p><\/div>\n<\/p><\/div>\n<div class=\"spacing-20 sm-show\"><\/div>\n<\/p>\n<p>11. novembril t\u00e4histatakse isadep\u00e4eva ainukordse perep\u00e4evaga Tallinna lauluv\u00e4ljakul. EV100 isadep\u00e4eval toimub kontsert ja \u00fchistegevused peredele, samuti on lauluv\u00e4ljakul tutvumiseks suur militaartehnika v\u00e4ljapanek. S\u00fcndmusest teeb erisaate Eesti Televisioon.<\/p>\n<p>\u201eJuubeliaastal on k\u00f5ik isad koos oma perega oodatud Tallinna lauluv\u00e4ljakule, et tunda r\u00f5\u00f5mu isaks olemisest ja l\u00e4hedastega koos veedetud ajast,\u201c kirjeldas Riigikantselei EV100 suurs\u00fcndmuste juht\u00a0Margus Kasterpalu\u00a0p\u00e4eva olemust.<br \/>\n\u00a0<\/p>\n<p>EV100 isadep\u00e4eva kontserdil esinevad\u00a0Kaitsev\u00e4e orkester,\u00a0ansambel\u00a0Swingers\u00a0koos\u00a0Tanja Mihhailova\u00a0ja\u00a0Birgit Sarrapiga,\u00a0Ariadne,\u00a0Vaj\u00e9\u00a0ning\u00a0Vabariigi pillimees. Tallinna lauluv\u00e4ljaku kontserdil \u00f5nnitletakse ka Aasta isa 2018.<\/p>\n<p>V\u00e4ljas on Kaitsev\u00e4e ja liitlaste tehnika, seiklusrada ja palju muud. Lauluv\u00e4ljaku siseruumides saab proovida s\u00f5durivarustust, kohal on p\u00f6\u00f6rlev auto, Eesti Kaitset\u00f6\u00f6stuse Liidu esindajad ja merev\u00e4e tuukrid oma varustusega. P\u00e4eva juhib\u00a0Venno Loosaar.<br \/>\n\u00a0<\/p>\n<p>ERRi elamussaadete toimetuse juhi\u00a0Karmel Killandi\u00a0s\u00f5nul on isadep\u00e4eva puhul eriline ka Eesti Televisiooni saatekava.<\/p>\n<p>\u201eAlustame hommikul otse\u00fclekandega, et viia kodudesse \u00fcle Eesti toredad hetked EV100 isadep\u00e4eva s\u00fcndmuselt lauluv\u00e4ljakul, kuid terve p\u00e4eva v\u00e4ltel leiab eetrist saateid, mis r\u00f5hutavad isade ja laste erilist suhet,\u201c kinnitas Killandi.<\/p>\n<p>EV100 isadep\u00e4ev toimub Tallinna lauluv\u00e4ljakul 11. novembril kell 11-15 ning on k\u00f5igile osalejatele tasuta. S\u00fcndmust korraldab Kaitsev\u00e4gi.<\/p>\n<\/p><\/div>\n","protected":false},"excerpt":{"rendered":"<p>Kuup\u00e4ev 11.11.2018 &#8211; 11.11.2018 Korraldaja Kaitsev\u00e4gi 11. novembril t\u00e4histatakse isadep\u00e4eva ainukordse perep\u00e4evaga Tallinna lauluv\u00e4ljakul. EV100 isadep\u00e4eval toimub kontsert ja \u00fchistegevused&#8230;<\/p>\n","protected":false},"featured_media":1934,"template":"","event_cat":[],"class_list":["post-4363","events","type-events","status-publish","has-post-thumbnail","hentry"],"acf":[],"_links":{"self":[{"href":"https:\/\/www.lauluvaljak.ee\/en\/wp-json\/wp\/v2\/events\/4363","targetHints":{"allow":["GET"]}}],"collection":[{"href":"https:\/\/www.lauluvaljak.ee\/en\/wp-json\/wp\/v2\/events"}],"about":[{"href":"https:\/\/www.lauluvaljak.ee\/en\/wp-json\/wp\/v2\/types\/events"}],"version-history":[{"count":0,"href":"https:\/\/www.lauluvaljak.ee\/en\/wp-json\/wp\/v2\/events\/4363\/revisions"}],"wp:featuredmedia":[{"embeddable":true,"href":"https:\/\/www.lauluvaljak.ee\/en\/wp-json\/wp\/v2\/media\/1934"}],"wp:attachment":[{"href":"https:\/\/www.lauluvaljak.ee\/en\/wp-json\/wp\/v2\/media?parent=4363"}],"wp:term":[{"taxonomy":"event_cat","embeddable":true,"href":"https:\/\/www.lauluvaljak.ee\/en\/wp-json\/wp\/v2\/event_cat?post=4363"}],"curies":[{"name":"wp","href":"https:\/\/api.w.org\/{rel}","templated":true}]}}