{"id":4359,"date":"2025-05-29T13:05:11","date_gmt":"2025-05-29T10:05:11","guid":{"rendered":"https:\/\/www.lauluvaljak.ee\/events\/kolmanda-silma-festival\/"},"modified":"2025-05-29T13:05:11","modified_gmt":"2025-05-29T10:05:11","slug":"kolmanda-silma-festival","status":"publish","type":"events","link":"https:\/\/www.lauluvaljak.ee\/en\/events\/kolmanda-silma-festival\/","title":{"rendered":"Kolmanda Silma Festival"},"content":{"rendered":"<div class=\"shadowblock shadowblock-sm-expand\">\n<div class=\"aspect-68\">\n\t\t\t\t\t<span class=\"aspectcontent bg--align\" style=\"background: url(https:\/\/lauluvaljak.ee\/sites\/default\/files\/styles\/event\/public\/field\/image\/2000x550.png?itok=NRAOpOBz)  no-repeat center center\"><\/span>\n\t\t\t\t<\/div>\n<\/p><\/div>\n<div class=\"shadowblock\">\n<div class=\"ml-col-40 sm-show\">\n<div class=\"eventinfo\">\n<h4 class=\"eventinfo__title text--bold\">Kuup\u00e4ev<\/h4>\n<p class=\"eventinfo__paragraph\">26.10.2018 &#8211; 27.10.2018<\/p>\n<div class=\"spacing-10\"><\/div>\n<div class=\"spacing-15\"><\/div>\n<h4 class=\"eventinfo__title text--bold\">Korraldaja<\/h4>\n<p class=\"eventinfo__paragraph\">Buduaar Meedia O\u00dc, www.buduaar.ee<\/p>\n<div class=\"spacing-20\"><\/div>\n<\/p><\/div>\n<\/p><\/div>\n<div class=\"spacing-20 sm-show\"><\/div>\n<\/p>\n<p>26.-27. oktoobril on Tallinna Lauluv\u00e4ljakule oodatud k\u00f5ik alternatiivravi- ja maagiahuvilised, sest aset leiab j\u00e4rjekorranumbrilt teine Kolmanda Silma Festival. Alternatiivse maailmak\u00e4sitluse suurs\u00fcndmus kannab endas m\u00f5tet, et k\u00f5ik maailmas on omavahel seotud, isegi siis, kui me k\u00f5igest teadlikud pole v\u00f5i k\u00f5igesse ei usu. Festivali piletihind on taskukohane iga\u00fchele ning v\u00f5imaldab \u00fche sissep\u00e4\u00e4sutasu eest kahel p\u00e4eval kuulata k\u00fcmneid p\u00f5nevaid loenguid, osaleda erinevates t\u00f6\u00f6tubades ning osta esoteerika- ja tervisekaupa.<\/p>\n<p>Esinejad:<br \/>\nAgnes Karlson, Ants Gross ja Jane Toomla, Ants Rootslane, Astroloogide Liit (osalevad Triin Tobber, Kristelle S\u00f6\u00f6t-Kajo, Olav N\u00e4rep, Margot Veidemann, Katrin Juurvee ja Irene Maandi), Dr. Viljo Viljasoo, Epp Veski, Evald Piirisild, Helbe Pettai, Heli Salf, Helve Huttunen, Helve P\u00e4rna, Hing Fekeli (Cerli Sarv), Janno Seeder, Juta Tani, Kaia-Liisa Reinut, Kalju Paldis, Kaur Vollmann, Kristelle S\u00f6\u00f6t-Kajo, Liina Velsker, Maire Taska, Rutt Reits, Taimi Uuesoo, Teresa M\u00e4ngel, Terje M\u00f6ldri, Toomas Piik, Triin Tobber, \u00dclle Toomeoja, Maris Saar, Siim Sildoja, Ingvar Luha\u00e4\u00e4r, Leili Rooden jt.<\/p>\n<\/p><\/div>\n","protected":false},"excerpt":{"rendered":"<p>Kuup\u00e4ev 26.10.2018 &#8211; 27.10.2018 Korraldaja Buduaar Meedia O\u00dc, www.buduaar.ee 26.-27. oktoobril on Tallinna Lauluv\u00e4ljakule oodatud k\u00f5ik alternatiivravi- ja maagiahuvilised, sest&#8230;<\/p>\n","protected":false},"featured_media":1940,"template":"","event_cat":[],"class_list":["post-4359","events","type-events","status-publish","has-post-thumbnail","hentry"],"acf":[],"_links":{"self":[{"href":"https:\/\/www.lauluvaljak.ee\/en\/wp-json\/wp\/v2\/events\/4359","targetHints":{"allow":["GET"]}}],"collection":[{"href":"https:\/\/www.lauluvaljak.ee\/en\/wp-json\/wp\/v2\/events"}],"about":[{"href":"https:\/\/www.lauluvaljak.ee\/en\/wp-json\/wp\/v2\/types\/events"}],"version-history":[{"count":0,"href":"https:\/\/www.lauluvaljak.ee\/en\/wp-json\/wp\/v2\/events\/4359\/revisions"}],"wp:featuredmedia":[{"embeddable":true,"href":"https:\/\/www.lauluvaljak.ee\/en\/wp-json\/wp\/v2\/media\/1940"}],"wp:attachment":[{"href":"https:\/\/www.lauluvaljak.ee\/en\/wp-json\/wp\/v2\/media?parent=4359"}],"wp:term":[{"taxonomy":"event_cat","embeddable":true,"href":"https:\/\/www.lauluvaljak.ee\/en\/wp-json\/wp\/v2\/event_cat?post=4359"}],"curies":[{"name":"wp","href":"https:\/\/api.w.org\/{rel}","templated":true}]}}